{"id":233,"date":"2015-09-11T19:25:44","date_gmt":"2015-09-11T19:25:44","guid":{"rendered":"http:\/\/dms-bbz.hr\/?page_id=233"},"modified":"2018-12-14T14:04:45","modified_gmt":"2018-12-14T13:04:45","slug":"fotogalerija","status":"publish","type":"page","link":"https:\/\/dms-bbz.hr\/index.php\/fotogalerija\/","title":{"rendered":"Fotogalerija"},"content":{"rendered":"<h4><span style=\"color: #ff6600;\">Fotogalerija<br \/>\n<\/span><\/h4>\n<p>U Bjelovaru dana 13.12.2018. odr\u017eali smo kreativnu radionicu, skup\u0161tinu DMS BB\u017d Kluba Daruvar te podjelu vitaminskih preparata \u010dlanovima udruge. Vitaminski preparati osigurani su putem projekta \u201ePodr\u0161kom do integracije\u201c financiranog od HEP-a.<\/p>\nngg_shortcode_0_placeholder\n<p>Predsjednik i zaposlenice udruge sudjelovali su na dvodnevnim radionicama&nbsp;odr\u017eanim 19. i 20.11.2018. u Termama Jezer\u010dica. Radionice na temu&nbsp;\u201eRAZVIJANJE POTENCIJALA UDRUGA OBOLJELIH OD MULTIPLE SKLEROZE\u201c &#8211; Kako koristiti epidemiolo\u0161ke podatke o multipli sklerozi u javnim politikama odr\u017eane su u organizaciji Saveza dru\u0161tava multiple skleroze Hrvatske. Usvojili smo nova znanja i vje\u0161tine koja \u0107emo koristiti s ciljem razvoja i unaprije\u0111enja rada udruge.<\/p>\nngg_shortcode_1_placeholder\n<h5>U Bjelovaru 02.10.2018. u okviru projekta \u201eIntegracijom do novih mogu\u0107nosti\u201c financiranog od Ministarstva za demografiju, obitelj, mlade i socijalnu politiku.&nbsp;<\/h5>\nngg_shortcode_2_placeholder\n<h5>Od 28.-30.09.2018. sudjelovali smo na XI. Hrvatskom simpoziju oboljelih od multiple skleroze na temu \u201eInformacijom do zdravlja 2018\u201c, odr\u017eanom u Vara\u017edinskim toplicama.<\/h5>\nngg_shortcode_3_placeholder\n<h5><strong>Kvaliteta \u017eivota osoba s MS-om i socijalna mre\u017ea<\/strong><br \/>\n<strong>11.10.2015<br \/>\n<!-- default-view.php -->\n<div\n\tclass=\"ngg-galleryoverview default-view\n\t ngg-ajax-pagination-none\t\"\n\tid=\"ngg-gallery-90be2da58cea4b60a78134f5d66de60f-1\"\n\tdata-gallery-id=\"9\">\n\n\t\t<!-- Thumbnails -->\n\t\t\t\t<div id=\"ngg-image-0\" class=\"ngg-gallery-thumbnail-box\n\t\t\t\t\t\t\t\t\t\t\t\"\n\t\t\t>\n\t\t\t\t\t\t<div class=\"ngg-gallery-thumbnail\">\n\t\t\t<a href=\"https:\/\/dms-bbz.hr\/wp-content\/gallery\/zajedno-do-kvalitetnog-zivota\/DSC04774.JPG\"\n\t\t\t\ttitle=\"Daruvar\"\n\t\t\t\tdata-src=\"https:\/\/dms-bbz.hr\/wp-content\/gallery\/zajedno-do-kvalitetnog-zivota\/DSC04774.JPG\"\n\t\t\t\tdata-thumbnail=\"https:\/\/dms-bbz.hr\/wp-content\/gallery\/zajedno-do-kvalitetnog-zivota\/thumbs\/thumbs_DSC04774.JPG\"\n\t\t\t\tdata-image-id=\"85\"\n\t\t\t\tdata-title=\"Kvaliteta \u017eivota osoba s MS-om i socijalna mre\u017ea\"\n\t\t\t\tdata-description=\"Daruvar\"\n\t\t\t\tdata-image-slug=\"dsc04774\"\n\t\t\t\t\t\t\t\t\t\t\t\t\t\t\t\t\t\t\t\tclass=\"ngg-fancybox\" rel=\"90be2da58cea4b60a78134f5d66de60f\">\n\t\t\t\t\t\t\t\t<img\n\t\t\t\t\ttitle=\"Kvaliteta \u017eivota osoba s MS-om i socijalna mre\u017ea\"\n\t\t\t\t\talt=\"Kvaliteta \u017eivota osoba s MS-om i socijalna mre\u017ea\"\n\t\t\t\t\tsrc=\"https:\/\/dms-bbz.hr\/wp-content\/gallery\/zajedno-do-kvalitetnog-zivota\/thumbs\/thumbs_DSC04774.JPG\"\n\t\t\t\t\twidth=\"240\"\n\t\t\t\t\theight=\"160\"\n\t\t\t\t\tstyle=\"max-width:100%;\"\n\t\t\t\t\/>\n\t\t\t<\/a>\n\t\t<\/div>\n\t\t\t\t\t\t\t<\/div>\n\t\t\t\n\t\t\t\t<div id=\"ngg-image-1\" class=\"ngg-gallery-thumbnail-box\n\t\t\t\t\t\t\t\t\t\t\t\"\n\t\t\t>\n\t\t\t\t\t\t<div class=\"ngg-gallery-thumbnail\">\n\t\t\t<a href=\"https:\/\/dms-bbz.hr\/wp-content\/gallery\/zajedno-do-kvalitetnog-zivota\/DSC04777.JPG\"\n\t\t\t\ttitle=\"Daruvar\"\n\t\t\t\tdata-src=\"https:\/\/dms-bbz.hr\/wp-content\/gallery\/zajedno-do-kvalitetnog-zivota\/DSC04777.JPG\"\n\t\t\t\tdata-thumbnail=\"https:\/\/dms-bbz.hr\/wp-content\/gallery\/zajedno-do-kvalitetnog-zivota\/thumbs\/thumbs_DSC04777.JPG\"\n\t\t\t\tdata-image-id=\"86\"\n\t\t\t\tdata-title=\"Kvaliteta \u017eivota osoba s MS-om i socijalna mre\u017ea\"\n\t\t\t\tdata-description=\"Daruvar\"\n\t\t\t\tdata-image-slug=\"dsc04777\"\n\t\t\t\t\t\t\t\t\t\t\t\t\t\t\t\t\t\t\t\tclass=\"ngg-fancybox\" rel=\"90be2da58cea4b60a78134f5d66de60f\">\n\t\t\t\t\t\t\t\t<img\n\t\t\t\t\ttitle=\"Kvaliteta \u017eivota osoba s MS-om i socijalna mre\u017ea\"\n\t\t\t\t\talt=\"Kvaliteta \u017eivota osoba s MS-om i socijalna mre\u017ea\"\n\t\t\t\t\tsrc=\"https:\/\/dms-bbz.hr\/wp-content\/gallery\/zajedno-do-kvalitetnog-zivota\/thumbs\/thumbs_DSC04777.JPG\"\n\t\t\t\t\twidth=\"240\"\n\t\t\t\t\theight=\"160\"\n\t\t\t\t\tstyle=\"max-width:100%;\"\n\t\t\t\t\/>\n\t\t\t<\/a>\n\t\t<\/div>\n\t\t\t\t\t\t\t<\/div>\n\t\t\t\n\t\t\t\t<div id=\"ngg-image-2\" class=\"ngg-gallery-thumbnail-box\n\t\t\t\t\t\t\t\t\t\t\t\"\n\t\t\t>\n\t\t\t\t\t\t<div class=\"ngg-gallery-thumbnail\">\n\t\t\t<a href=\"https:\/\/dms-bbz.hr\/wp-content\/gallery\/zajedno-do-kvalitetnog-zivota\/DSC04781.JPG\"\n\t\t\t\ttitle=\"Daruvar\"\n\t\t\t\tdata-src=\"https:\/\/dms-bbz.hr\/wp-content\/gallery\/zajedno-do-kvalitetnog-zivota\/DSC04781.JPG\"\n\t\t\t\tdata-thumbnail=\"https:\/\/dms-bbz.hr\/wp-content\/gallery\/zajedno-do-kvalitetnog-zivota\/thumbs\/thumbs_DSC04781.JPG\"\n\t\t\t\tdata-image-id=\"87\"\n\t\t\t\tdata-title=\"Kvaliteta \u017eivota osoba s MS-om i socijalna mre\u017ea\"\n\t\t\t\tdata-description=\"Daruvar\"\n\t\t\t\tdata-image-slug=\"dsc04781\"\n\t\t\t\t\t\t\t\t\t\t\t\t\t\t\t\t\t\t\t\tclass=\"ngg-fancybox\" rel=\"90be2da58cea4b60a78134f5d66de60f\">\n\t\t\t\t\t\t\t\t<img\n\t\t\t\t\ttitle=\"Kvaliteta \u017eivota osoba s MS-om i socijalna mre\u017ea\"\n\t\t\t\t\talt=\"Kvaliteta \u017eivota osoba s MS-om i socijalna mre\u017ea\"\n\t\t\t\t\tsrc=\"https:\/\/dms-bbz.hr\/wp-content\/gallery\/zajedno-do-kvalitetnog-zivota\/thumbs\/thumbs_DSC04781.JPG\"\n\t\t\t\t\twidth=\"240\"\n\t\t\t\t\theight=\"160\"\n\t\t\t\t\tstyle=\"max-width:100%;\"\n\t\t\t\t\/>\n\t\t\t<\/a>\n\t\t<\/div>\n\t\t\t\t\t\t\t<\/div>\n\t\t\t\n\t\t\t\t<div id=\"ngg-image-3\" class=\"ngg-gallery-thumbnail-box\n\t\t\t\t\t\t\t\t\t\t\t\"\n\t\t\t>\n\t\t\t\t\t\t<div class=\"ngg-gallery-thumbnail\">\n\t\t\t<a href=\"https:\/\/dms-bbz.hr\/wp-content\/gallery\/zajedno-do-kvalitetnog-zivota\/DSC04790.JPG\"\n\t\t\t\ttitle=\"Daruvar\"\n\t\t\t\tdata-src=\"https:\/\/dms-bbz.hr\/wp-content\/gallery\/zajedno-do-kvalitetnog-zivota\/DSC04790.JPG\"\n\t\t\t\tdata-thumbnail=\"https:\/\/dms-bbz.hr\/wp-content\/gallery\/zajedno-do-kvalitetnog-zivota\/thumbs\/thumbs_DSC04790.JPG\"\n\t\t\t\tdata-image-id=\"88\"\n\t\t\t\tdata-title=\"Kvaliteta \u017eivota osoba s MS-om i socijalna mre\u017ea\"\n\t\t\t\tdata-description=\"Daruvar\"\n\t\t\t\tdata-image-slug=\"dsc04790\"\n\t\t\t\t\t\t\t\t\t\t\t\t\t\t\t\t\t\t\t\tclass=\"ngg-fancybox\" rel=\"90be2da58cea4b60a78134f5d66de60f\">\n\t\t\t\t\t\t\t\t<img\n\t\t\t\t\ttitle=\"Kvaliteta \u017eivota osoba s MS-om i socijalna mre\u017ea\"\n\t\t\t\t\talt=\"Kvaliteta \u017eivota osoba s MS-om i socijalna mre\u017ea\"\n\t\t\t\t\tsrc=\"https:\/\/dms-bbz.hr\/wp-content\/gallery\/zajedno-do-kvalitetnog-zivota\/thumbs\/thumbs_DSC04790.JPG\"\n\t\t\t\t\twidth=\"240\"\n\t\t\t\t\theight=\"160\"\n\t\t\t\t\tstyle=\"max-width:100%;\"\n\t\t\t\t\/>\n\t\t\t<\/a>\n\t\t<\/div>\n\t\t\t\t\t\t\t<\/div>\n\t\t\t\n\t\n\t<br style=\"clear: both\" \/>\n\n\t\t<div class=\"slideshowlink\">\n\t\t<a href='https:\/\/dms-bbz.hr\/index.php\/fotogalerija\/nggallery\/slideshow'>[Show slideshow]<\/a>\n\n\t<\/div>\n\t\n\t\t<!-- Pagination -->\n\t\t<div class='ngg-clear'><\/div>\t<\/div>\n<br \/>\n<\/strong><\/h5>\n<h5><strong>Sve\u010dano potpisivanje i uru\u010divanje ugovora &#8211; ESF &#8211; \u0160irenje usluge osobne asistencije za osobe s invaliditetom 27.10.2015<\/strong><\/h5>\n<p><!-- default-view.php -->\n<div\n\tclass=\"ngg-galleryoverview default-view\n\t ngg-ajax-pagination-none\t\"\n\tid=\"ngg-gallery-dd44cd3b8c6f6ff609f50ad934943bec-1\"\n\tdata-gallery-id=\"7\">\n\n\t\t<!-- Thumbnails -->\n\t\t\t\t<div id=\"ngg-image-0\" class=\"ngg-gallery-thumbnail-box\n\t\t\t\t\t\t\t\t\t\t\t\"\n\t\t\t>\n\t\t\t\t\t\t<div class=\"ngg-gallery-thumbnail\">\n\t\t\t<a href=\"https:\/\/dms-bbz.hr\/wp-content\/gallery\/svecano-potpisivanje-i-urucivanje-ugovora-esf-sirenje-usluge-osobne-asistencije-za-osobe-s-invaliditetom-27-10-2015\/IMG_20151029_122512.jpg\"\n\t\t\t\ttitle=\"Zagreb\"\n\t\t\t\tdata-src=\"https:\/\/dms-bbz.hr\/wp-content\/gallery\/svecano-potpisivanje-i-urucivanje-ugovora-esf-sirenje-usluge-osobne-asistencije-za-osobe-s-invaliditetom-27-10-2015\/IMG_20151029_122512.jpg\"\n\t\t\t\tdata-thumbnail=\"https:\/\/dms-bbz.hr\/wp-content\/gallery\/svecano-potpisivanje-i-urucivanje-ugovora-esf-sirenje-usluge-osobne-asistencije-za-osobe-s-invaliditetom-27-10-2015\/thumbs\/thumbs_IMG_20151029_122512.jpg\"\n\t\t\t\tdata-image-id=\"72\"\n\t\t\t\tdata-title=\"Sve\u010dano potpisivanje i uru\u010divanje ugovora\"\n\t\t\t\tdata-description=\"Zagreb\"\n\t\t\t\tdata-image-slug=\"img_20151029_122512\"\n\t\t\t\t\t\t\t\t\t\t\t\t\t\t\t\t\t\t\t\tclass=\"ngg-fancybox\" rel=\"dd44cd3b8c6f6ff609f50ad934943bec\">\n\t\t\t\t\t\t\t\t<img\n\t\t\t\t\ttitle=\"Sve\u010dano potpisivanje i uru\u010divanje ugovora\"\n\t\t\t\t\talt=\"Sve\u010dano potpisivanje i uru\u010divanje ugovora\"\n\t\t\t\t\tsrc=\"https:\/\/dms-bbz.hr\/wp-content\/gallery\/svecano-potpisivanje-i-urucivanje-ugovora-esf-sirenje-usluge-osobne-asistencije-za-osobe-s-invaliditetom-27-10-2015\/cache\/IMG_20151029_122512.jpg-nggid0272-ngg0dyn-240x160x100-00f0w010c011r110f110r010t010.jpg\"\n\t\t\t\t\twidth=\"240\"\n\t\t\t\t\theight=\"160\"\n\t\t\t\t\tstyle=\"max-width:100%;\"\n\t\t\t\t\/>\n\t\t\t<\/a>\n\t\t<\/div>\n\t\t\t\t\t\t\t<\/div>\n\t\t\t\n\t\t\t\t<div id=\"ngg-image-1\" class=\"ngg-gallery-thumbnail-box\n\t\t\t\t\t\t\t\t\t\t\t\"\n\t\t\t>\n\t\t\t\t\t\t<div class=\"ngg-gallery-thumbnail\">\n\t\t\t<a href=\"https:\/\/dms-bbz.hr\/wp-content\/gallery\/svecano-potpisivanje-i-urucivanje-ugovora-esf-sirenje-usluge-osobne-asistencije-za-osobe-s-invaliditetom-27-10-2015\/IMG_20151029_131826.jpg\"\n\t\t\t\ttitle=\"Zagreb\"\n\t\t\t\tdata-src=\"https:\/\/dms-bbz.hr\/wp-content\/gallery\/svecano-potpisivanje-i-urucivanje-ugovora-esf-sirenje-usluge-osobne-asistencije-za-osobe-s-invaliditetom-27-10-2015\/IMG_20151029_131826.jpg\"\n\t\t\t\tdata-thumbnail=\"https:\/\/dms-bbz.hr\/wp-content\/gallery\/svecano-potpisivanje-i-urucivanje-ugovora-esf-sirenje-usluge-osobne-asistencije-za-osobe-s-invaliditetom-27-10-2015\/thumbs\/thumbs_IMG_20151029_131826.jpg\"\n\t\t\t\tdata-image-id=\"73\"\n\t\t\t\tdata-title=\"Sve\u010dano potpisivanje i uru\u010divanje ugovora\"\n\t\t\t\tdata-description=\"Zagreb\"\n\t\t\t\tdata-image-slug=\"img_20151029_131826\"\n\t\t\t\t\t\t\t\t\t\t\t\t\t\t\t\t\t\t\t\tclass=\"ngg-fancybox\" rel=\"dd44cd3b8c6f6ff609f50ad934943bec\">\n\t\t\t\t\t\t\t\t<img\n\t\t\t\t\ttitle=\"Sve\u010dano potpisivanje i uru\u010divanje ugovora\"\n\t\t\t\t\talt=\"Sve\u010dano potpisivanje i uru\u010divanje ugovora\"\n\t\t\t\t\tsrc=\"https:\/\/dms-bbz.hr\/wp-content\/gallery\/svecano-potpisivanje-i-urucivanje-ugovora-esf-sirenje-usluge-osobne-asistencije-za-osobe-s-invaliditetom-27-10-2015\/cache\/IMG_20151029_131826.jpg-nggid0273-ngg0dyn-240x160x100-00f0w010c011r110f110r010t010.jpg\"\n\t\t\t\t\twidth=\"240\"\n\t\t\t\t\theight=\"160\"\n\t\t\t\t\tstyle=\"max-width:100%;\"\n\t\t\t\t\/>\n\t\t\t<\/a>\n\t\t<\/div>\n\t\t\t\t\t\t\t<\/div>\n\t\t\t\n\t\t\t\t<div id=\"ngg-image-2\" class=\"ngg-gallery-thumbnail-box\n\t\t\t\t\t\t\t\t\t\t\t\"\n\t\t\t>\n\t\t\t\t\t\t<div class=\"ngg-gallery-thumbnail\">\n\t\t\t<a href=\"https:\/\/dms-bbz.hr\/wp-content\/gallery\/svecano-potpisivanje-i-urucivanje-ugovora-esf-sirenje-usluge-osobne-asistencije-za-osobe-s-invaliditetom-27-10-2015\/IMG_20151029_131832.jpg\"\n\t\t\t\ttitle=\"Zagreb\"\n\t\t\t\tdata-src=\"https:\/\/dms-bbz.hr\/wp-content\/gallery\/svecano-potpisivanje-i-urucivanje-ugovora-esf-sirenje-usluge-osobne-asistencije-za-osobe-s-invaliditetom-27-10-2015\/IMG_20151029_131832.jpg\"\n\t\t\t\tdata-thumbnail=\"https:\/\/dms-bbz.hr\/wp-content\/gallery\/svecano-potpisivanje-i-urucivanje-ugovora-esf-sirenje-usluge-osobne-asistencije-za-osobe-s-invaliditetom-27-10-2015\/thumbs\/thumbs_IMG_20151029_131832.jpg\"\n\t\t\t\tdata-image-id=\"74\"\n\t\t\t\tdata-title=\"Sve\u010dano potpisivanje i uru\u010divanje ugovora\"\n\t\t\t\tdata-description=\"Zagreb\"\n\t\t\t\tdata-image-slug=\"img_20151029_131832\"\n\t\t\t\t\t\t\t\t\t\t\t\t\t\t\t\t\t\t\t\tclass=\"ngg-fancybox\" rel=\"dd44cd3b8c6f6ff609f50ad934943bec\">\n\t\t\t\t\t\t\t\t<img\n\t\t\t\t\ttitle=\"Sve\u010dano potpisivanje i uru\u010divanje ugovora\"\n\t\t\t\t\talt=\"Sve\u010dano potpisivanje i uru\u010divanje ugovora\"\n\t\t\t\t\tsrc=\"https:\/\/dms-bbz.hr\/wp-content\/gallery\/svecano-potpisivanje-i-urucivanje-ugovora-esf-sirenje-usluge-osobne-asistencije-za-osobe-s-invaliditetom-27-10-2015\/cache\/IMG_20151029_131832.jpg-nggid0274-ngg0dyn-240x160x100-00f0w010c011r110f110r010t010.jpg\"\n\t\t\t\t\twidth=\"240\"\n\t\t\t\t\theight=\"160\"\n\t\t\t\t\tstyle=\"max-width:100%;\"\n\t\t\t\t\/>\n\t\t\t<\/a>\n\t\t<\/div>\n\t\t\t\t\t\t\t<\/div>\n\t\t\t\n\t\t\t\t<div id=\"ngg-image-3\" class=\"ngg-gallery-thumbnail-box\n\t\t\t\t\t\t\t\t\t\t\t\"\n\t\t\t>\n\t\t\t\t\t\t<div class=\"ngg-gallery-thumbnail\">\n\t\t\t<a href=\"https:\/\/dms-bbz.hr\/wp-content\/gallery\/svecano-potpisivanje-i-urucivanje-ugovora-esf-sirenje-usluge-osobne-asistencije-za-osobe-s-invaliditetom-27-10-2015\/IMG_20151029_131839.jpg\"\n\t\t\t\ttitle=\"Zagreb\"\n\t\t\t\tdata-src=\"https:\/\/dms-bbz.hr\/wp-content\/gallery\/svecano-potpisivanje-i-urucivanje-ugovora-esf-sirenje-usluge-osobne-asistencije-za-osobe-s-invaliditetom-27-10-2015\/IMG_20151029_131839.jpg\"\n\t\t\t\tdata-thumbnail=\"https:\/\/dms-bbz.hr\/wp-content\/gallery\/svecano-potpisivanje-i-urucivanje-ugovora-esf-sirenje-usluge-osobne-asistencije-za-osobe-s-invaliditetom-27-10-2015\/thumbs\/thumbs_IMG_20151029_131839.jpg\"\n\t\t\t\tdata-image-id=\"75\"\n\t\t\t\tdata-title=\"Sve\u010dano potpisivanje i uru\u010divanje ugovora\"\n\t\t\t\tdata-description=\"Zagreb\"\n\t\t\t\tdata-image-slug=\"img_20151029_131839\"\n\t\t\t\t\t\t\t\t\t\t\t\t\t\t\t\t\t\t\t\tclass=\"ngg-fancybox\" rel=\"dd44cd3b8c6f6ff609f50ad934943bec\">\n\t\t\t\t\t\t\t\t<img\n\t\t\t\t\ttitle=\"Sve\u010dano potpisivanje i uru\u010divanje ugovora\"\n\t\t\t\t\talt=\"Sve\u010dano potpisivanje i uru\u010divanje ugovora\"\n\t\t\t\t\tsrc=\"https:\/\/dms-bbz.hr\/wp-content\/gallery\/svecano-potpisivanje-i-urucivanje-ugovora-esf-sirenje-usluge-osobne-asistencije-za-osobe-s-invaliditetom-27-10-2015\/cache\/IMG_20151029_131839.jpg-nggid0275-ngg0dyn-240x160x100-00f0w010c011r110f110r010t010.jpg\"\n\t\t\t\t\twidth=\"240\"\n\t\t\t\t\theight=\"160\"\n\t\t\t\t\tstyle=\"max-width:100%;\"\n\t\t\t\t\/>\n\t\t\t<\/a>\n\t\t<\/div>\n\t\t\t\t\t\t\t<\/div>\n\t\t\t\n\t\t\t\t<div id=\"ngg-image-4\" class=\"ngg-gallery-thumbnail-box\n\t\t\t\t\t\t\t\t\t\t\t\"\n\t\t\t>\n\t\t\t\t\t\t<div class=\"ngg-gallery-thumbnail\">\n\t\t\t<a href=\"https:\/\/dms-bbz.hr\/wp-content\/gallery\/svecano-potpisivanje-i-urucivanje-ugovora-esf-sirenje-usluge-osobne-asistencije-za-osobe-s-invaliditetom-27-10-2015\/IMG_20151029_131853.jpg\"\n\t\t\t\ttitle=\"Zagreb\"\n\t\t\t\tdata-src=\"https:\/\/dms-bbz.hr\/wp-content\/gallery\/svecano-potpisivanje-i-urucivanje-ugovora-esf-sirenje-usluge-osobne-asistencije-za-osobe-s-invaliditetom-27-10-2015\/IMG_20151029_131853.jpg\"\n\t\t\t\tdata-thumbnail=\"https:\/\/dms-bbz.hr\/wp-content\/gallery\/svecano-potpisivanje-i-urucivanje-ugovora-esf-sirenje-usluge-osobne-asistencije-za-osobe-s-invaliditetom-27-10-2015\/thumbs\/thumbs_IMG_20151029_131853.jpg\"\n\t\t\t\tdata-image-id=\"76\"\n\t\t\t\tdata-title=\"Sve\u010dano potpisivanje i uru\u010divanje ugovora\"\n\t\t\t\tdata-description=\"Zagreb\"\n\t\t\t\tdata-image-slug=\"img_20151029_131853\"\n\t\t\t\t\t\t\t\t\t\t\t\t\t\t\t\t\t\t\t\tclass=\"ngg-fancybox\" rel=\"dd44cd3b8c6f6ff609f50ad934943bec\">\n\t\t\t\t\t\t\t\t<img\n\t\t\t\t\ttitle=\"Sve\u010dano potpisivanje i uru\u010divanje ugovora\"\n\t\t\t\t\talt=\"Sve\u010dano potpisivanje i uru\u010divanje ugovora\"\n\t\t\t\t\tsrc=\"https:\/\/dms-bbz.hr\/wp-content\/gallery\/svecano-potpisivanje-i-urucivanje-ugovora-esf-sirenje-usluge-osobne-asistencije-za-osobe-s-invaliditetom-27-10-2015\/cache\/IMG_20151029_131853.jpg-nggid0276-ngg0dyn-240x160x100-00f0w010c011r110f110r010t010.jpg\"\n\t\t\t\t\twidth=\"240\"\n\t\t\t\t\theight=\"160\"\n\t\t\t\t\tstyle=\"max-width:100%;\"\n\t\t\t\t\/>\n\t\t\t<\/a>\n\t\t<\/div>\n\t\t\t\t\t\t\t<\/div>\n\t\t\t\n\t\t\t\t<div id=\"ngg-image-5\" class=\"ngg-gallery-thumbnail-box\n\t\t\t\t\t\t\t\t\t\t\t\"\n\t\t\t>\n\t\t\t\t\t\t<div class=\"ngg-gallery-thumbnail\">\n\t\t\t<a href=\"https:\/\/dms-bbz.hr\/wp-content\/gallery\/svecano-potpisivanje-i-urucivanje-ugovora-esf-sirenje-usluge-osobne-asistencije-za-osobe-s-invaliditetom-27-10-2015\/IMG_20151029_133924.jpg\"\n\t\t\t\ttitle=\"Zagreb\"\n\t\t\t\tdata-src=\"https:\/\/dms-bbz.hr\/wp-content\/gallery\/svecano-potpisivanje-i-urucivanje-ugovora-esf-sirenje-usluge-osobne-asistencije-za-osobe-s-invaliditetom-27-10-2015\/IMG_20151029_133924.jpg\"\n\t\t\t\tdata-thumbnail=\"https:\/\/dms-bbz.hr\/wp-content\/gallery\/svecano-potpisivanje-i-urucivanje-ugovora-esf-sirenje-usluge-osobne-asistencije-za-osobe-s-invaliditetom-27-10-2015\/thumbs\/thumbs_IMG_20151029_133924.jpg\"\n\t\t\t\tdata-image-id=\"77\"\n\t\t\t\tdata-title=\"Sve\u010dano potpisivanje i uru\u010divanje ugovora\"\n\t\t\t\tdata-description=\"Zagreb\"\n\t\t\t\tdata-image-slug=\"img_20151029_133924\"\n\t\t\t\t\t\t\t\t\t\t\t\t\t\t\t\t\t\t\t\tclass=\"ngg-fancybox\" rel=\"dd44cd3b8c6f6ff609f50ad934943bec\">\n\t\t\t\t\t\t\t\t<img\n\t\t\t\t\ttitle=\"Sve\u010dano potpisivanje i uru\u010divanje ugovora\"\n\t\t\t\t\talt=\"Sve\u010dano potpisivanje i uru\u010divanje ugovora\"\n\t\t\t\t\tsrc=\"https:\/\/dms-bbz.hr\/wp-content\/gallery\/svecano-potpisivanje-i-urucivanje-ugovora-esf-sirenje-usluge-osobne-asistencije-za-osobe-s-invaliditetom-27-10-2015\/cache\/IMG_20151029_133924.jpg-nggid0277-ngg0dyn-240x160x100-00f0w010c011r110f110r010t010.jpg\"\n\t\t\t\t\twidth=\"240\"\n\t\t\t\t\theight=\"160\"\n\t\t\t\t\tstyle=\"max-width:100%;\"\n\t\t\t\t\/>\n\t\t\t<\/a>\n\t\t<\/div>\n\t\t\t\t\t\t\t<\/div>\n\t\t\t\n\t\n\t<br style=\"clear: both\" \/>\n\n\t\t<div class=\"slideshowlink\">\n\t\t<a href='https:\/\/dms-bbz.hr\/index.php\/fotogalerija\/nggallery\/slideshow'>[Show slideshow]<\/a>\n\n\t<\/div>\n\t\n\t\t<!-- Pagination -->\n\t\t<div class='ngg-clear'><\/div>\t<\/div>\n<\/p>\n<h5><strong>Pristupa\u010dnost za osobe oboljele od multiple skleroze 17.09.2015<\/strong><\/h5>\n<p><!-- default-view.php -->\n<div\n\tclass=\"ngg-galleryoverview default-view\n\t ngg-ajax-pagination-none\t\"\n\tid=\"ngg-gallery-025e95214626e584ebd5772d9f70d916-1\"\n\tdata-gallery-id=\"5\">\n\n\t\t<!-- Thumbnails -->\n\t\t\t\t<div id=\"ngg-image-0\" class=\"ngg-gallery-thumbnail-box\n\t\t\t\t\t\t\t\t\t\t\t\"\n\t\t\t>\n\t\t\t\t\t\t<div class=\"ngg-gallery-thumbnail\">\n\t\t\t<a href=\"https:\/\/dms-bbz.hr\/wp-content\/gallery\/pristupacnost-za-osobe-oboljele-od-multiple-skleroze-17-9-2015\/DSC04748.JPG\"\n\t\t\t\ttitle=\"Bjelovar\"\n\t\t\t\tdata-src=\"https:\/\/dms-bbz.hr\/wp-content\/gallery\/pristupacnost-za-osobe-oboljele-od-multiple-skleroze-17-9-2015\/DSC04748.JPG\"\n\t\t\t\tdata-thumbnail=\"https:\/\/dms-bbz.hr\/wp-content\/gallery\/pristupacnost-za-osobe-oboljele-od-multiple-skleroze-17-9-2015\/thumbs\/thumbs_DSC04748.JPG\"\n\t\t\t\tdata-image-id=\"59\"\n\t\t\t\tdata-title=\"Bjelovar\"\n\t\t\t\tdata-description=\"Bjelovar\"\n\t\t\t\tdata-image-slug=\"dsc04748\"\n\t\t\t\t\t\t\t\t\t\t\t\t\t\t\t\t\t\t\t\tclass=\"ngg-fancybox\" rel=\"025e95214626e584ebd5772d9f70d916\">\n\t\t\t\t\t\t\t\t<img\n\t\t\t\t\ttitle=\"Bjelovar\"\n\t\t\t\t\talt=\"Bjelovar\"\n\t\t\t\t\tsrc=\"https:\/\/dms-bbz.hr\/wp-content\/gallery\/pristupacnost-za-osobe-oboljele-od-multiple-skleroze-17-9-2015\/cache\/DSC04748.JPG-nggid0259-ngg0dyn-240x160x100-00f0w010c011r110f110r010t010.JPG\"\n\t\t\t\t\twidth=\"240\"\n\t\t\t\t\theight=\"160\"\n\t\t\t\t\tstyle=\"max-width:100%;\"\n\t\t\t\t\/>\n\t\t\t<\/a>\n\t\t<\/div>\n\t\t\t\t\t\t\t<\/div>\n\t\t\t\n\t\t\t\t<div id=\"ngg-image-1\" class=\"ngg-gallery-thumbnail-box\n\t\t\t\t\t\t\t\t\t\t\t\"\n\t\t\t>\n\t\t\t\t\t\t<div class=\"ngg-gallery-thumbnail\">\n\t\t\t<a href=\"https:\/\/dms-bbz.hr\/wp-content\/gallery\/pristupacnost-za-osobe-oboljele-od-multiple-skleroze-17-9-2015\/DSC04749.JPG\"\n\t\t\t\ttitle=\"Bjelovar\"\n\t\t\t\tdata-src=\"https:\/\/dms-bbz.hr\/wp-content\/gallery\/pristupacnost-za-osobe-oboljele-od-multiple-skleroze-17-9-2015\/DSC04749.JPG\"\n\t\t\t\tdata-thumbnail=\"https:\/\/dms-bbz.hr\/wp-content\/gallery\/pristupacnost-za-osobe-oboljele-od-multiple-skleroze-17-9-2015\/thumbs\/thumbs_DSC04749.JPG\"\n\t\t\t\tdata-image-id=\"60\"\n\t\t\t\tdata-title=\"Bjelovar\"\n\t\t\t\tdata-description=\"Bjelovar\"\n\t\t\t\tdata-image-slug=\"dsc04749\"\n\t\t\t\t\t\t\t\t\t\t\t\t\t\t\t\t\t\t\t\tclass=\"ngg-fancybox\" rel=\"025e95214626e584ebd5772d9f70d916\">\n\t\t\t\t\t\t\t\t<img\n\t\t\t\t\ttitle=\"Bjelovar\"\n\t\t\t\t\talt=\"Bjelovar\"\n\t\t\t\t\tsrc=\"https:\/\/dms-bbz.hr\/wp-content\/gallery\/pristupacnost-za-osobe-oboljele-od-multiple-skleroze-17-9-2015\/cache\/DSC04749.JPG-nggid0260-ngg0dyn-240x160x100-00f0w010c011r110f110r010t010.JPG\"\n\t\t\t\t\twidth=\"240\"\n\t\t\t\t\theight=\"160\"\n\t\t\t\t\tstyle=\"max-width:100%;\"\n\t\t\t\t\/>\n\t\t\t<\/a>\n\t\t<\/div>\n\t\t\t\t\t\t\t<\/div>\n\t\t\t\n\t\n\t<br style=\"clear: both\" \/>\n\n\t\t<div class=\"slideshowlink\">\n\t\t<a href='https:\/\/dms-bbz.hr\/index.php\/fotogalerija\/nggallery\/slideshow'>[Show slideshow]<\/a>\n\n\t<\/div>\n\t\n\t\t<!-- Pagination -->\n\t\t<div class='ngg-clear'><\/div>\t<\/div>\n<\/p>\n<h5>Bundek 27.05.2015<\/h5>\n<p><!-- default-view.php -->\n<div\n\tclass=\"ngg-galleryoverview default-view\n\t ngg-ajax-pagination-none\t\"\n\tid=\"ngg-gallery-b1b0bf3afaf28be910a7c2520c55ac93-1\"\n\tdata-gallery-id=\"2\">\n\n\t\t<!-- Thumbnails -->\n\t\t\t\t<div id=\"ngg-image-0\" class=\"ngg-gallery-thumbnail-box\n\t\t\t\t\t\t\t\t\t\t\t\"\n\t\t\t>\n\t\t\t\t\t\t<div class=\"ngg-gallery-thumbnail\">\n\t\t\t<a href=\"https:\/\/dms-bbz.hr\/wp-content\/gallery\/bundek\/DSC04579.JPG\"\n\t\t\t\ttitle=\"DMS Bjelovar\"\n\t\t\t\tdata-src=\"https:\/\/dms-bbz.hr\/wp-content\/gallery\/bundek\/DSC04579.JPG\"\n\t\t\t\tdata-thumbnail=\"https:\/\/dms-bbz.hr\/wp-content\/gallery\/bundek\/thumbs\/thumbs_DSC04579.JPG\"\n\t\t\t\tdata-image-id=\"3\"\n\t\t\t\tdata-title=\"DMS Bjelovar\"\n\t\t\t\tdata-description=\"DMS Bjelovar\"\n\t\t\t\tdata-image-slug=\"dsc04579\"\n\t\t\t\t\t\t\t\t\t\t\t\t\t\t\t\t\t\t\t\tclass=\"ngg-fancybox\" rel=\"b1b0bf3afaf28be910a7c2520c55ac93\">\n\t\t\t\t\t\t\t\t<img\n\t\t\t\t\ttitle=\"DMS Bjelovar\"\n\t\t\t\t\talt=\"DMS Bjelovar\"\n\t\t\t\t\tsrc=\"https:\/\/dms-bbz.hr\/wp-content\/gallery\/bundek\/cache\/DSC04579.JPG-nggid013-ngg0dyn-240x160x100-00f0w010c011r110f110r010t010.JPG\"\n\t\t\t\t\twidth=\"240\"\n\t\t\t\t\theight=\"160\"\n\t\t\t\t\tstyle=\"max-width:100%;\"\n\t\t\t\t\/>\n\t\t\t<\/a>\n\t\t<\/div>\n\t\t\t\t\t\t\t<\/div>\n\t\t\t\n\t\t\t\t<div id=\"ngg-image-1\" class=\"ngg-gallery-thumbnail-box\n\t\t\t\t\t\t\t\t\t\t\t\"\n\t\t\t>\n\t\t\t\t\t\t<div class=\"ngg-gallery-thumbnail\">\n\t\t\t<a href=\"https:\/\/dms-bbz.hr\/wp-content\/gallery\/bundek\/DSC04584.JPG\"\n\t\t\t\ttitle=\"DMS Bjelovar\"\n\t\t\t\tdata-src=\"https:\/\/dms-bbz.hr\/wp-content\/gallery\/bundek\/DSC04584.JPG\"\n\t\t\t\tdata-thumbnail=\"https:\/\/dms-bbz.hr\/wp-content\/gallery\/bundek\/thumbs\/thumbs_DSC04584.JPG\"\n\t\t\t\tdata-image-id=\"4\"\n\t\t\t\tdata-title=\"DMS Bjelovar\"\n\t\t\t\tdata-description=\"DMS Bjelovar\"\n\t\t\t\tdata-image-slug=\"dsc04584\"\n\t\t\t\t\t\t\t\t\t\t\t\t\t\t\t\t\t\t\t\tclass=\"ngg-fancybox\" rel=\"b1b0bf3afaf28be910a7c2520c55ac93\">\n\t\t\t\t\t\t\t\t<img\n\t\t\t\t\ttitle=\"DMS Bjelovar\"\n\t\t\t\t\talt=\"DMS Bjelovar\"\n\t\t\t\t\tsrc=\"https:\/\/dms-bbz.hr\/wp-content\/gallery\/bundek\/cache\/DSC04584.JPG-nggid014-ngg0dyn-240x160x100-00f0w010c011r110f110r010t010.JPG\"\n\t\t\t\t\twidth=\"240\"\n\t\t\t\t\theight=\"160\"\n\t\t\t\t\tstyle=\"max-width:100%;\"\n\t\t\t\t\/>\n\t\t\t<\/a>\n\t\t<\/div>\n\t\t\t\t\t\t\t<\/div>\n\t\t\t\n\t\t\t\t<div id=\"ngg-image-2\" class=\"ngg-gallery-thumbnail-box\n\t\t\t\t\t\t\t\t\t\t\t\"\n\t\t\t>\n\t\t\t\t\t\t<div class=\"ngg-gallery-thumbnail\">\n\t\t\t<a href=\"https:\/\/dms-bbz.hr\/wp-content\/gallery\/bundek\/DSC04586.JPG\"\n\t\t\t\ttitle=\"DMS Bjelovar\"\n\t\t\t\tdata-src=\"https:\/\/dms-bbz.hr\/wp-content\/gallery\/bundek\/DSC04586.JPG\"\n\t\t\t\tdata-thumbnail=\"https:\/\/dms-bbz.hr\/wp-content\/gallery\/bundek\/thumbs\/thumbs_DSC04586.JPG\"\n\t\t\t\tdata-image-id=\"5\"\n\t\t\t\tdata-title=\"DMS Bjelovar\"\n\t\t\t\tdata-description=\"DMS Bjelovar\"\n\t\t\t\tdata-image-slug=\"dsc04586\"\n\t\t\t\t\t\t\t\t\t\t\t\t\t\t\t\t\t\t\t\tclass=\"ngg-fancybox\" rel=\"b1b0bf3afaf28be910a7c2520c55ac93\">\n\t\t\t\t\t\t\t\t<img\n\t\t\t\t\ttitle=\"DMS Bjelovar\"\n\t\t\t\t\talt=\"DMS Bjelovar\"\n\t\t\t\t\tsrc=\"https:\/\/dms-bbz.hr\/wp-content\/gallery\/bundek\/cache\/DSC04586.JPG-nggid015-ngg0dyn-240x160x100-00f0w010c011r110f110r010t010.JPG\"\n\t\t\t\t\twidth=\"240\"\n\t\t\t\t\theight=\"160\"\n\t\t\t\t\tstyle=\"max-width:100%;\"\n\t\t\t\t\/>\n\t\t\t<\/a>\n\t\t<\/div>\n\t\t\t\t\t\t\t<\/div>\n\t\t\t\n\t\t\t\t<div id=\"ngg-image-3\" class=\"ngg-gallery-thumbnail-box\n\t\t\t\t\t\t\t\t\t\t\t\"\n\t\t\t>\n\t\t\t\t\t\t<div class=\"ngg-gallery-thumbnail\">\n\t\t\t<a href=\"https:\/\/dms-bbz.hr\/wp-content\/gallery\/bundek\/DSC04587.JPG\"\n\t\t\t\ttitle=\"DMS Bjelovar\"\n\t\t\t\tdata-src=\"https:\/\/dms-bbz.hr\/wp-content\/gallery\/bundek\/DSC04587.JPG\"\n\t\t\t\tdata-thumbnail=\"https:\/\/dms-bbz.hr\/wp-content\/gallery\/bundek\/thumbs\/thumbs_DSC04587.JPG\"\n\t\t\t\tdata-image-id=\"6\"\n\t\t\t\tdata-title=\"DMS Bjelovar\"\n\t\t\t\tdata-description=\"DMS Bjelovar\"\n\t\t\t\tdata-image-slug=\"dsc04587\"\n\t\t\t\t\t\t\t\t\t\t\t\t\t\t\t\t\t\t\t\tclass=\"ngg-fancybox\" rel=\"b1b0bf3afaf28be910a7c2520c55ac93\">\n\t\t\t\t\t\t\t\t<img\n\t\t\t\t\ttitle=\"DMS Bjelovar\"\n\t\t\t\t\talt=\"DMS Bjelovar\"\n\t\t\t\t\tsrc=\"https:\/\/dms-bbz.hr\/wp-content\/gallery\/bundek\/cache\/DSC04587.JPG-nggid016-ngg0dyn-240x160x100-00f0w010c011r110f110r010t010.JPG\"\n\t\t\t\t\twidth=\"240\"\n\t\t\t\t\theight=\"160\"\n\t\t\t\t\tstyle=\"max-width:100%;\"\n\t\t\t\t\/>\n\t\t\t<\/a>\n\t\t<\/div>\n\t\t\t\t\t\t\t<\/div>\n\t\t\t\n\t\t\t\t<div id=\"ngg-image-4\" class=\"ngg-gallery-thumbnail-box\n\t\t\t\t\t\t\t\t\t\t\t\"\n\t\t\t>\n\t\t\t\t\t\t<div class=\"ngg-gallery-thumbnail\">\n\t\t\t<a href=\"https:\/\/dms-bbz.hr\/wp-content\/gallery\/bundek\/DSC04588.JPG\"\n\t\t\t\ttitle=\"DMS Bjelovar\"\n\t\t\t\tdata-src=\"https:\/\/dms-bbz.hr\/wp-content\/gallery\/bundek\/DSC04588.JPG\"\n\t\t\t\tdata-thumbnail=\"https:\/\/dms-bbz.hr\/wp-content\/gallery\/bundek\/thumbs\/thumbs_DSC04588.JPG\"\n\t\t\t\tdata-image-id=\"7\"\n\t\t\t\tdata-title=\"DMS Bjelovar\"\n\t\t\t\tdata-description=\"DMS Bjelovar\"\n\t\t\t\tdata-image-slug=\"dsc04588\"\n\t\t\t\t\t\t\t\t\t\t\t\t\t\t\t\t\t\t\t\tclass=\"ngg-fancybox\" rel=\"b1b0bf3afaf28be910a7c2520c55ac93\">\n\t\t\t\t\t\t\t\t<img\n\t\t\t\t\ttitle=\"DMS Bjelovar\"\n\t\t\t\t\talt=\"DMS Bjelovar\"\n\t\t\t\t\tsrc=\"https:\/\/dms-bbz.hr\/wp-content\/gallery\/bundek\/cache\/DSC04588.JPG-nggid017-ngg0dyn-240x160x100-00f0w010c011r110f110r010t010.JPG\"\n\t\t\t\t\twidth=\"240\"\n\t\t\t\t\theight=\"160\"\n\t\t\t\t\tstyle=\"max-width:100%;\"\n\t\t\t\t\/>\n\t\t\t<\/a>\n\t\t<\/div>\n\t\t\t\t\t\t\t<\/div>\n\t\t\t\n\t\t\t\t<div id=\"ngg-image-5\" class=\"ngg-gallery-thumbnail-box\n\t\t\t\t\t\t\t\t\t\t\t\"\n\t\t\t>\n\t\t\t\t\t\t<div class=\"ngg-gallery-thumbnail\">\n\t\t\t<a href=\"https:\/\/dms-bbz.hr\/wp-content\/gallery\/bundek\/DSC04592.JPG\"\n\t\t\t\ttitle=\"DMS Bjelovar\"\n\t\t\t\tdata-src=\"https:\/\/dms-bbz.hr\/wp-content\/gallery\/bundek\/DSC04592.JPG\"\n\t\t\t\tdata-thumbnail=\"https:\/\/dms-bbz.hr\/wp-content\/gallery\/bundek\/thumbs\/thumbs_DSC04592.JPG\"\n\t\t\t\tdata-image-id=\"8\"\n\t\t\t\tdata-title=\"DMS Bjelovar\"\n\t\t\t\tdata-description=\"DMS Bjelovar\"\n\t\t\t\tdata-image-slug=\"dsc04592\"\n\t\t\t\t\t\t\t\t\t\t\t\t\t\t\t\t\t\t\t\tclass=\"ngg-fancybox\" rel=\"b1b0bf3afaf28be910a7c2520c55ac93\">\n\t\t\t\t\t\t\t\t<img\n\t\t\t\t\ttitle=\"DMS Bjelovar\"\n\t\t\t\t\talt=\"DMS Bjelovar\"\n\t\t\t\t\tsrc=\"https:\/\/dms-bbz.hr\/wp-content\/gallery\/bundek\/cache\/DSC04592.JPG-nggid018-ngg0dyn-240x160x100-00f0w010c011r110f110r010t010.JPG\"\n\t\t\t\t\twidth=\"240\"\n\t\t\t\t\theight=\"160\"\n\t\t\t\t\tstyle=\"max-width:100%;\"\n\t\t\t\t\/>\n\t\t\t<\/a>\n\t\t<\/div>\n\t\t\t\t\t\t\t<\/div>\n\t\t\t\n\t\n\t<br style=\"clear: both\" \/>\n\n\t\t<div class=\"slideshowlink\">\n\t\t<a href='https:\/\/dms-bbz.hr\/index.php\/fotogalerija\/nggallery\/slideshow'>[Show slideshow]<\/a>\n\n\t<\/div>\n\t\n\t\t<!-- Pagination -->\n\t\t<div class='ngg-clear'><\/div>\t<\/div>\n<\/p>\n<h5>Skup\u0161tina 22.08.2015<\/h5>\n<p><!-- default-view.php -->\n<div\n\tclass=\"ngg-galleryoverview default-view\n\t ngg-ajax-pagination-none\t\"\n\tid=\"ngg-gallery-f9c34640cc3b1962fdc50063d3890a9b-1\"\n\tdata-gallery-id=\"8\">\n\n\t\t<!-- Thumbnails -->\n\t\t\t\t<div id=\"ngg-image-0\" class=\"ngg-gallery-thumbnail-box\n\t\t\t\t\t\t\t\t\t\t\t\"\n\t\t\t>\n\t\t\t\t\t\t<div class=\"ngg-gallery-thumbnail\">\n\t\t\t<a href=\"https:\/\/dms-bbz.hr\/wp-content\/gallery\/skupstina-22-08-2015\/DSC04729.JPG\"\n\t\t\t\ttitle=\"\"\n\t\t\t\tdata-src=\"https:\/\/dms-bbz.hr\/wp-content\/gallery\/skupstina-22-08-2015\/DSC04729.JPG\"\n\t\t\t\tdata-thumbnail=\"https:\/\/dms-bbz.hr\/wp-content\/gallery\/skupstina-22-08-2015\/thumbs\/thumbs_DSC04729.JPG\"\n\t\t\t\tdata-image-id=\"78\"\n\t\t\t\tdata-title=\"DSC04729\"\n\t\t\t\tdata-description=\"\"\n\t\t\t\tdata-image-slug=\"dsc04729\"\n\t\t\t\t\t\t\t\t\t\t\t\t\t\t\t\t\t\t\t\tclass=\"ngg-fancybox\" rel=\"f9c34640cc3b1962fdc50063d3890a9b\">\n\t\t\t\t\t\t\t\t<img\n\t\t\t\t\ttitle=\"DSC04729\"\n\t\t\t\t\talt=\"DSC04729\"\n\t\t\t\t\tsrc=\"https:\/\/dms-bbz.hr\/wp-content\/gallery\/skupstina-22-08-2015\/cache\/DSC04729.JPG-nggid0278-ngg0dyn-240x160x100-00f0w010c011r110f110r010t010.JPG\"\n\t\t\t\t\twidth=\"240\"\n\t\t\t\t\theight=\"160\"\n\t\t\t\t\tstyle=\"max-width:100%;\"\n\t\t\t\t\/>\n\t\t\t<\/a>\n\t\t<\/div>\n\t\t\t\t\t\t\t<\/div>\n\t\t\t\n\t\t\t\t<div id=\"ngg-image-1\" class=\"ngg-gallery-thumbnail-box\n\t\t\t\t\t\t\t\t\t\t\t\"\n\t\t\t>\n\t\t\t\t\t\t<div class=\"ngg-gallery-thumbnail\">\n\t\t\t<a href=\"https:\/\/dms-bbz.hr\/wp-content\/gallery\/skupstina-22-08-2015\/DSC04732.JPG\"\n\t\t\t\ttitle=\"\"\n\t\t\t\tdata-src=\"https:\/\/dms-bbz.hr\/wp-content\/gallery\/skupstina-22-08-2015\/DSC04732.JPG\"\n\t\t\t\tdata-thumbnail=\"https:\/\/dms-bbz.hr\/wp-content\/gallery\/skupstina-22-08-2015\/thumbs\/thumbs_DSC04732.JPG\"\n\t\t\t\tdata-image-id=\"79\"\n\t\t\t\tdata-title=\"DSC04732\"\n\t\t\t\tdata-description=\"\"\n\t\t\t\tdata-image-slug=\"dsc04732\"\n\t\t\t\t\t\t\t\t\t\t\t\t\t\t\t\t\t\t\t\tclass=\"ngg-fancybox\" rel=\"f9c34640cc3b1962fdc50063d3890a9b\">\n\t\t\t\t\t\t\t\t<img\n\t\t\t\t\ttitle=\"DSC04732\"\n\t\t\t\t\talt=\"DSC04732\"\n\t\t\t\t\tsrc=\"https:\/\/dms-bbz.hr\/wp-content\/gallery\/skupstina-22-08-2015\/cache\/DSC04732.JPG-nggid0279-ngg0dyn-240x160x100-00f0w010c011r110f110r010t010.JPG\"\n\t\t\t\t\twidth=\"240\"\n\t\t\t\t\theight=\"160\"\n\t\t\t\t\tstyle=\"max-width:100%;\"\n\t\t\t\t\/>\n\t\t\t<\/a>\n\t\t<\/div>\n\t\t\t\t\t\t\t<\/div>\n\t\t\t\n\t\t\t\t<div id=\"ngg-image-2\" class=\"ngg-gallery-thumbnail-box\n\t\t\t\t\t\t\t\t\t\t\t\"\n\t\t\t>\n\t\t\t\t\t\t<div class=\"ngg-gallery-thumbnail\">\n\t\t\t<a href=\"https:\/\/dms-bbz.hr\/wp-content\/gallery\/skupstina-22-08-2015\/DSC04734.JPG\"\n\t\t\t\ttitle=\"\"\n\t\t\t\tdata-src=\"https:\/\/dms-bbz.hr\/wp-content\/gallery\/skupstina-22-08-2015\/DSC04734.JPG\"\n\t\t\t\tdata-thumbnail=\"https:\/\/dms-bbz.hr\/wp-content\/gallery\/skupstina-22-08-2015\/thumbs\/thumbs_DSC04734.JPG\"\n\t\t\t\tdata-image-id=\"80\"\n\t\t\t\tdata-title=\"DSC04734\"\n\t\t\t\tdata-description=\"\"\n\t\t\t\tdata-image-slug=\"dsc04734\"\n\t\t\t\t\t\t\t\t\t\t\t\t\t\t\t\t\t\t\t\tclass=\"ngg-fancybox\" rel=\"f9c34640cc3b1962fdc50063d3890a9b\">\n\t\t\t\t\t\t\t\t<img\n\t\t\t\t\ttitle=\"DSC04734\"\n\t\t\t\t\talt=\"DSC04734\"\n\t\t\t\t\tsrc=\"https:\/\/dms-bbz.hr\/wp-content\/gallery\/skupstina-22-08-2015\/cache\/DSC04734.JPG-nggid0280-ngg0dyn-240x160x100-00f0w010c011r110f110r010t010.JPG\"\n\t\t\t\t\twidth=\"240\"\n\t\t\t\t\theight=\"160\"\n\t\t\t\t\tstyle=\"max-width:100%;\"\n\t\t\t\t\/>\n\t\t\t<\/a>\n\t\t<\/div>\n\t\t\t\t\t\t\t<\/div>\n\t\t\t\n\t\t\t\t<div id=\"ngg-image-3\" class=\"ngg-gallery-thumbnail-box\n\t\t\t\t\t\t\t\t\t\t\t\"\n\t\t\t>\n\t\t\t\t\t\t<div class=\"ngg-gallery-thumbnail\">\n\t\t\t<a href=\"https:\/\/dms-bbz.hr\/wp-content\/gallery\/skupstina-22-08-2015\/DSC04736.JPG\"\n\t\t\t\ttitle=\"\"\n\t\t\t\tdata-src=\"https:\/\/dms-bbz.hr\/wp-content\/gallery\/skupstina-22-08-2015\/DSC04736.JPG\"\n\t\t\t\tdata-thumbnail=\"https:\/\/dms-bbz.hr\/wp-content\/gallery\/skupstina-22-08-2015\/thumbs\/thumbs_DSC04736.JPG\"\n\t\t\t\tdata-image-id=\"82\"\n\t\t\t\tdata-title=\"DSC04736\"\n\t\t\t\tdata-description=\"\"\n\t\t\t\tdata-image-slug=\"dsc04736\"\n\t\t\t\t\t\t\t\t\t\t\t\t\t\t\t\t\t\t\t\tclass=\"ngg-fancybox\" rel=\"f9c34640cc3b1962fdc50063d3890a9b\">\n\t\t\t\t\t\t\t\t<img\n\t\t\t\t\ttitle=\"DSC04736\"\n\t\t\t\t\talt=\"DSC04736\"\n\t\t\t\t\tsrc=\"https:\/\/dms-bbz.hr\/wp-content\/gallery\/skupstina-22-08-2015\/cache\/DSC04736.JPG-nggid0282-ngg0dyn-240x160x100-00f0w010c011r110f110r010t010.JPG\"\n\t\t\t\t\twidth=\"240\"\n\t\t\t\t\theight=\"160\"\n\t\t\t\t\tstyle=\"max-width:100%;\"\n\t\t\t\t\/>\n\t\t\t<\/a>\n\t\t<\/div>\n\t\t\t\t\t\t\t<\/div>\n\t\t\t\n\t\t\t\t<div id=\"ngg-image-4\" class=\"ngg-gallery-thumbnail-box\n\t\t\t\t\t\t\t\t\t\t\t\"\n\t\t\t>\n\t\t\t\t\t\t<div class=\"ngg-gallery-thumbnail\">\n\t\t\t<a href=\"https:\/\/dms-bbz.hr\/wp-content\/gallery\/skupstina-22-08-2015\/DSC04737.JPG\"\n\t\t\t\ttitle=\"\"\n\t\t\t\tdata-src=\"https:\/\/dms-bbz.hr\/wp-content\/gallery\/skupstina-22-08-2015\/DSC04737.JPG\"\n\t\t\t\tdata-thumbnail=\"https:\/\/dms-bbz.hr\/wp-content\/gallery\/skupstina-22-08-2015\/thumbs\/thumbs_DSC04737.JPG\"\n\t\t\t\tdata-image-id=\"83\"\n\t\t\t\tdata-title=\"DSC04737\"\n\t\t\t\tdata-description=\"\"\n\t\t\t\tdata-image-slug=\"dsc04737\"\n\t\t\t\t\t\t\t\t\t\t\t\t\t\t\t\t\t\t\t\tclass=\"ngg-fancybox\" rel=\"f9c34640cc3b1962fdc50063d3890a9b\">\n\t\t\t\t\t\t\t\t<img\n\t\t\t\t\ttitle=\"DSC04737\"\n\t\t\t\t\talt=\"DSC04737\"\n\t\t\t\t\tsrc=\"https:\/\/dms-bbz.hr\/wp-content\/gallery\/skupstina-22-08-2015\/cache\/DSC04737.JPG-nggid0283-ngg0dyn-240x160x100-00f0w010c011r110f110r010t010.JPG\"\n\t\t\t\t\twidth=\"240\"\n\t\t\t\t\theight=\"160\"\n\t\t\t\t\tstyle=\"max-width:100%;\"\n\t\t\t\t\/>\n\t\t\t<\/a>\n\t\t<\/div>\n\t\t\t\t\t\t\t<\/div>\n\t\t\t\n\t\t\t\t<div id=\"ngg-image-5\" class=\"ngg-gallery-thumbnail-box\n\t\t\t\t\t\t\t\t\t\t\t\"\n\t\t\t>\n\t\t\t\t\t\t<div class=\"ngg-gallery-thumbnail\">\n\t\t\t<a href=\"https:\/\/dms-bbz.hr\/wp-content\/gallery\/skupstina-22-08-2015\/DSC04738.JPG\"\n\t\t\t\ttitle=\"\"\n\t\t\t\tdata-src=\"https:\/\/dms-bbz.hr\/wp-content\/gallery\/skupstina-22-08-2015\/DSC04738.JPG\"\n\t\t\t\tdata-thumbnail=\"https:\/\/dms-bbz.hr\/wp-content\/gallery\/skupstina-22-08-2015\/thumbs\/thumbs_DSC04738.JPG\"\n\t\t\t\tdata-image-id=\"84\"\n\t\t\t\tdata-title=\"DSC04738\"\n\t\t\t\tdata-description=\"\"\n\t\t\t\tdata-image-slug=\"dsc04738\"\n\t\t\t\t\t\t\t\t\t\t\t\t\t\t\t\t\t\t\t\tclass=\"ngg-fancybox\" rel=\"f9c34640cc3b1962fdc50063d3890a9b\">\n\t\t\t\t\t\t\t\t<img\n\t\t\t\t\ttitle=\"DSC04738\"\n\t\t\t\t\talt=\"DSC04738\"\n\t\t\t\t\tsrc=\"https:\/\/dms-bbz.hr\/wp-content\/gallery\/skupstina-22-08-2015\/cache\/DSC04738.JPG-nggid0284-ngg0dyn-240x160x100-00f0w010c011r110f110r010t010.JPG\"\n\t\t\t\t\twidth=\"240\"\n\t\t\t\t\theight=\"160\"\n\t\t\t\t\tstyle=\"max-width:100%;\"\n\t\t\t\t\/>\n\t\t\t<\/a>\n\t\t<\/div>\n\t\t\t\t\t\t\t<\/div>\n\t\t\t\n\t\n\t<br style=\"clear: both\" \/>\n\n\t\t<div class=\"slideshowlink\">\n\t\t<a href='https:\/\/dms-bbz.hr\/index.php\/fotogalerija\/nggallery\/slideshow'>[Show slideshow]<\/a>\n\n\t<\/div>\n\t\n\t\t<!-- Pagination -->\n\t\t<div class='ngg-clear'><\/div>\t<\/div>\n<\/p>\n","protected":false},"excerpt":{"rendered":"<p>Fotogalerija U Bjelovaru dana 13.12.2018. odr\u017eali smo kreativnu radionicu, skup\u0161tinu DMS BB\u017d Kluba Daruvar te podjelu vitaminskih preparata \u010dlanovima udruge. Vitaminski preparati osigurani su putem projekta \u201ePodr\u0161kom do integracije\u201c financiranog od HEP-a. Predsjednik i zaposlenice udruge sudjelovali su na dvodnevnim radionicama&nbsp;odr\u017eanim 19. i 20.11.2018. u Termama Jezer\u010dica. Radionice na temu&nbsp;\u201eRAZVIJANJE POTENCIJALA UDRUGA OBOLJELIH OD MULTIPLE [&hellip;]<\/p>\n","protected":false},"author":1,"featured_media":0,"parent":0,"menu_order":0,"comment_status":"closed","ping_status":"closed","template":"","meta":{"ngg_post_thumbnail":0,"footnotes":""},"class_list":["post-233","page","type-page","status-publish","hentry"],"yoast_head":"<!-- This site is optimized with the Yoast SEO plugin v25.2 - https:\/\/yoast.com\/wordpress\/plugins\/seo\/ -->\n<title>Fotogalerija - Dru\u0161tvo Multiple Skleroze Bjelovarsko bilogorske \u017eupanije<\/title>\n<meta name=\"description\" content=\"Fotogalerija - Dru\u0161tvo Multiple Skleroze Bjelovar\" \/>\n<meta name=\"robots\" content=\"index, follow, max-snippet:-1, max-image-preview:large, max-video-preview:-1\" \/>\n<link rel=\"canonical\" href=\"https:\/\/dms-bbz.hr\/index.php\/fotogalerija\/\" \/>\n<meta property=\"og:locale\" content=\"hr_HR\" \/>\n<meta property=\"og:type\" content=\"article\" \/>\n<meta property=\"og:title\" content=\"Fotogalerija - Dru\u0161tvo Multiple Skleroze Bjelovarsko bilogorske \u017eupanije\" \/>\n<meta property=\"og:description\" content=\"Fotogalerija - Dru\u0161tvo Multiple Skleroze Bjelovar\" \/>\n<meta property=\"og:url\" content=\"https:\/\/dms-bbz.hr\/index.php\/fotogalerija\/\" \/>\n<meta property=\"og:site_name\" content=\"Dru\u0161tvo Multiple Skleroze Bjelovarsko bilogorske \u017eupanije\" \/>\n<meta property=\"article:publisher\" content=\"https:\/\/www.facebook.com\/drustvomultipleskleroze.bjelovar\" \/>\n<meta property=\"article:modified_time\" content=\"2018-12-14T13:04:45+00:00\" \/>\n<meta property=\"og:image\" content=\"http:\/\/dms-bbz.hr\/index.php\/nextgen-attach_to_post\/preview\/id--515\" \/>\n<meta name=\"twitter:card\" content=\"summary_large_image\" \/>\n<meta name=\"twitter:label1\" content=\"Procijenjeno vrijeme \u010ditanja\" \/>\n\t<meta name=\"twitter:data1\" content=\"2 minute\" \/>\n<script type=\"application\/ld+json\" class=\"yoast-schema-graph\">{\"@context\":\"https:\/\/schema.org\",\"@graph\":[{\"@type\":\"WebPage\",\"@id\":\"https:\/\/dms-bbz.hr\/index.php\/fotogalerija\/\",\"url\":\"https:\/\/dms-bbz.hr\/index.php\/fotogalerija\/\",\"name\":\"Fotogalerija - Dru\u0161tvo Multiple Skleroze Bjelovarsko bilogorske \u017eupanije\",\"isPartOf\":{\"@id\":\"http:\/\/dms-bbz.hr\/#website\"},\"primaryImageOfPage\":{\"@id\":\"https:\/\/dms-bbz.hr\/index.php\/fotogalerija\/#primaryimage\"},\"image\":{\"@id\":\"https:\/\/dms-bbz.hr\/index.php\/fotogalerija\/#primaryimage\"},\"thumbnailUrl\":\"http:\/\/dms-bbz.hr\/index.php\/nextgen-attach_to_post\/preview\/id--515\",\"datePublished\":\"2015-09-11T19:25:44+00:00\",\"dateModified\":\"2018-12-14T13:04:45+00:00\",\"description\":\"Fotogalerija - Dru\u0161tvo Multiple Skleroze Bjelovar\",\"breadcrumb\":{\"@id\":\"https:\/\/dms-bbz.hr\/index.php\/fotogalerija\/#breadcrumb\"},\"inLanguage\":\"hr\",\"potentialAction\":[{\"@type\":\"ReadAction\",\"target\":[\"https:\/\/dms-bbz.hr\/index.php\/fotogalerija\/\"]}]},{\"@type\":\"ImageObject\",\"inLanguage\":\"hr\",\"@id\":\"https:\/\/dms-bbz.hr\/index.php\/fotogalerija\/#primaryimage\",\"url\":\"http:\/\/dms-bbz.hr\/index.php\/nextgen-attach_to_post\/preview\/id--515\",\"contentUrl\":\"http:\/\/dms-bbz.hr\/index.php\/nextgen-attach_to_post\/preview\/id--515\"},{\"@type\":\"BreadcrumbList\",\"@id\":\"https:\/\/dms-bbz.hr\/index.php\/fotogalerija\/#breadcrumb\",\"itemListElement\":[{\"@type\":\"ListItem\",\"position\":1,\"name\":\"Home\",\"item\":\"http:\/\/dms-bbz.hr\/\"},{\"@type\":\"ListItem\",\"position\":2,\"name\":\"Fotogalerija\"}]},{\"@type\":\"WebSite\",\"@id\":\"http:\/\/dms-bbz.hr\/#website\",\"url\":\"http:\/\/dms-bbz.hr\/\",\"name\":\"Dru\u0161tvo Multiple Skleroze Bjelovarsko bilogorske \u017eupanije\",\"description\":\"Masarykova 8\",\"publisher\":{\"@id\":\"http:\/\/dms-bbz.hr\/#organization\"},\"potentialAction\":[{\"@type\":\"SearchAction\",\"target\":{\"@type\":\"EntryPoint\",\"urlTemplate\":\"http:\/\/dms-bbz.hr\/?s={search_term_string}\"},\"query-input\":{\"@type\":\"PropertyValueSpecification\",\"valueRequired\":true,\"valueName\":\"search_term_string\"}}],\"inLanguage\":\"hr\"},{\"@type\":\"Organization\",\"@id\":\"http:\/\/dms-bbz.hr\/#organization\",\"name\":\"Dru\u0161tvo Multiple Skleroze Bjelovarsko bilogorske \u017eupanije\",\"url\":\"http:\/\/dms-bbz.hr\/\",\"logo\":{\"@type\":\"ImageObject\",\"inLanguage\":\"hr\",\"@id\":\"http:\/\/dms-bbz.hr\/#\/schema\/logo\/image\/\",\"url\":\"http:\/\/dms-bbz.hr\/wp-content\/uploads\/2015\/09\/cropped-clip_image002.jpg\",\"contentUrl\":\"http:\/\/dms-bbz.hr\/wp-content\/uploads\/2015\/09\/cropped-clip_image002.jpg\",\"width\":512,\"height\":512,\"caption\":\"Dru\u0161tvo Multiple Skleroze Bjelovarsko bilogorske \u017eupanije\"},\"image\":{\"@id\":\"http:\/\/dms-bbz.hr\/#\/schema\/logo\/image\/\"},\"sameAs\":[\"https:\/\/www.facebook.com\/drustvomultipleskleroze.bjelovar\"]}]}<\/script>\n<!-- \/ Yoast SEO plugin. -->","yoast_head_json":{"title":"Fotogalerija - Dru\u0161tvo Multiple Skleroze Bjelovarsko bilogorske \u017eupanije","description":"Fotogalerija - Dru\u0161tvo Multiple Skleroze Bjelovar","robots":{"index":"index","follow":"follow","max-snippet":"max-snippet:-1","max-image-preview":"max-image-preview:large","max-video-preview":"max-video-preview:-1"},"canonical":"https:\/\/dms-bbz.hr\/index.php\/fotogalerija\/","og_locale":"hr_HR","og_type":"article","og_title":"Fotogalerija - Dru\u0161tvo Multiple Skleroze Bjelovarsko bilogorske \u017eupanije","og_description":"Fotogalerija - Dru\u0161tvo Multiple Skleroze Bjelovar","og_url":"https:\/\/dms-bbz.hr\/index.php\/fotogalerija\/","og_site_name":"Dru\u0161tvo Multiple Skleroze Bjelovarsko bilogorske \u017eupanije","article_publisher":"https:\/\/www.facebook.com\/drustvomultipleskleroze.bjelovar","article_modified_time":"2018-12-14T13:04:45+00:00","og_image":[{"url":"http:\/\/dms-bbz.hr\/index.php\/nextgen-attach_to_post\/preview\/id--515","type":"","width":"","height":""}],"twitter_card":"summary_large_image","twitter_misc":{"Procijenjeno vrijeme \u010ditanja":"2 minute"},"schema":{"@context":"https:\/\/schema.org","@graph":[{"@type":"WebPage","@id":"https:\/\/dms-bbz.hr\/index.php\/fotogalerija\/","url":"https:\/\/dms-bbz.hr\/index.php\/fotogalerija\/","name":"Fotogalerija - Dru\u0161tvo Multiple Skleroze Bjelovarsko bilogorske \u017eupanije","isPartOf":{"@id":"http:\/\/dms-bbz.hr\/#website"},"primaryImageOfPage":{"@id":"https:\/\/dms-bbz.hr\/index.php\/fotogalerija\/#primaryimage"},"image":{"@id":"https:\/\/dms-bbz.hr\/index.php\/fotogalerija\/#primaryimage"},"thumbnailUrl":"http:\/\/dms-bbz.hr\/index.php\/nextgen-attach_to_post\/preview\/id--515","datePublished":"2015-09-11T19:25:44+00:00","dateModified":"2018-12-14T13:04:45+00:00","description":"Fotogalerija - Dru\u0161tvo Multiple Skleroze Bjelovar","breadcrumb":{"@id":"https:\/\/dms-bbz.hr\/index.php\/fotogalerija\/#breadcrumb"},"inLanguage":"hr","potentialAction":[{"@type":"ReadAction","target":["https:\/\/dms-bbz.hr\/index.php\/fotogalerija\/"]}]},{"@type":"ImageObject","inLanguage":"hr","@id":"https:\/\/dms-bbz.hr\/index.php\/fotogalerija\/#primaryimage","url":"http:\/\/dms-bbz.hr\/index.php\/nextgen-attach_to_post\/preview\/id--515","contentUrl":"http:\/\/dms-bbz.hr\/index.php\/nextgen-attach_to_post\/preview\/id--515"},{"@type":"BreadcrumbList","@id":"https:\/\/dms-bbz.hr\/index.php\/fotogalerija\/#breadcrumb","itemListElement":[{"@type":"ListItem","position":1,"name":"Home","item":"http:\/\/dms-bbz.hr\/"},{"@type":"ListItem","position":2,"name":"Fotogalerija"}]},{"@type":"WebSite","@id":"http:\/\/dms-bbz.hr\/#website","url":"http:\/\/dms-bbz.hr\/","name":"Dru\u0161tvo Multiple Skleroze Bjelovarsko bilogorske \u017eupanije","description":"Masarykova 8","publisher":{"@id":"http:\/\/dms-bbz.hr\/#organization"},"potentialAction":[{"@type":"SearchAction","target":{"@type":"EntryPoint","urlTemplate":"http:\/\/dms-bbz.hr\/?s={search_term_string}"},"query-input":{"@type":"PropertyValueSpecification","valueRequired":true,"valueName":"search_term_string"}}],"inLanguage":"hr"},{"@type":"Organization","@id":"http:\/\/dms-bbz.hr\/#organization","name":"Dru\u0161tvo Multiple Skleroze Bjelovarsko bilogorske \u017eupanije","url":"http:\/\/dms-bbz.hr\/","logo":{"@type":"ImageObject","inLanguage":"hr","@id":"http:\/\/dms-bbz.hr\/#\/schema\/logo\/image\/","url":"http:\/\/dms-bbz.hr\/wp-content\/uploads\/2015\/09\/cropped-clip_image002.jpg","contentUrl":"http:\/\/dms-bbz.hr\/wp-content\/uploads\/2015\/09\/cropped-clip_image002.jpg","width":512,"height":512,"caption":"Dru\u0161tvo Multiple Skleroze Bjelovarsko bilogorske \u017eupanije"},"image":{"@id":"http:\/\/dms-bbz.hr\/#\/schema\/logo\/image\/"},"sameAs":["https:\/\/www.facebook.com\/drustvomultipleskleroze.bjelovar"]}]}},"_links":{"self":[{"href":"https:\/\/dms-bbz.hr\/index.php\/wp-json\/wp\/v2\/pages\/233","targetHints":{"allow":["GET"]}}],"collection":[{"href":"https:\/\/dms-bbz.hr\/index.php\/wp-json\/wp\/v2\/pages"}],"about":[{"href":"https:\/\/dms-bbz.hr\/index.php\/wp-json\/wp\/v2\/types\/page"}],"author":[{"embeddable":true,"href":"https:\/\/dms-bbz.hr\/index.php\/wp-json\/wp\/v2\/users\/1"}],"replies":[{"embeddable":true,"href":"https:\/\/dms-bbz.hr\/index.php\/wp-json\/wp\/v2\/comments?post=233"}],"version-history":[{"count":32,"href":"https:\/\/dms-bbz.hr\/index.php\/wp-json\/wp\/v2\/pages\/233\/revisions"}],"predecessor-version":[{"id":1746,"href":"https:\/\/dms-bbz.hr\/index.php\/wp-json\/wp\/v2\/pages\/233\/revisions\/1746"}],"wp:attachment":[{"href":"https:\/\/dms-bbz.hr\/index.php\/wp-json\/wp\/v2\/media?parent=233"}],"curies":[{"name":"wp","href":"https:\/\/api.w.org\/{rel}","templated":true}]}}