{"id":559,"date":"2016-03-29T15:12:14","date_gmt":"2016-03-29T15:12:14","guid":{"rendered":"http:\/\/dms-bbz.hr\/?page_id=559"},"modified":"2019-09-24T19:58:08","modified_gmt":"2019-09-24T18:58:08","slug":"izvjestaj-o-radu-za-2015-godinu","status":"publish","type":"page","link":"https:\/\/dms-bbz.hr\/index.php\/izvjestaj-o-radu-za-2015-godinu\/","title":{"rendered":"Izvje\u0161taj o radu za 2015. godinu"},"content":{"rendered":"<p><img loading=\"lazy\" decoding=\"async\" class=\"aligncenter size-full wp-image-2057\" src=\"http:\/\/dms-bbz.hr\/wp-content\/uploads\/2019\/09\/logo-i-SOS.jpg\" alt=\"\" width=\"428\" height=\"161\"><\/p>\n<h4><strong>IZVJE\u0160TAJ O RADU DRU\u0160TVA MULTIPLE SKLEROZE<br \/>\nBJELOVARSKO_BILOGORSKE \u017dUPANIJE U 2015. godini<\/strong><\/h4>\n<p>Dru\u0161tvo MS BB\u017d &nbsp;u 2015. godini organiziralo je brojne aktivnosti provede s ciljem unapre\u0111enja kvalitete \u017eivota osoba oboljelih od multiple skleroze.<\/p>\n<p><strong>PROGRAMI<\/strong> koje udruga provodi tijekom 2015. godine:<\/p>\n<p><strong>Trogodi\u0161nji program \u201eZajedno do kvalitetnog \u017eivota\u201c, Ministarstvo socijalne politike i mladih<\/strong><\/p>\n<p><strong>Prvu godinu programa realizirali smo 31.05.2015. i od 01.06.2015. zapo\u010deli smo provedbu druge godine programa.<\/strong><\/p>\n<p>Cilj programa je osiguranje dostupnosti socijalnih usluga radi prevencije institucionalizacije osoba oboljelih od MS-a. U okviru programa zaposlili smo pet osoba: dva fizoterapeuta, dvije gerontodoma\u0107ice i administratora. Program provodimo u partnerstvu sa Centrom za socijalnu skrb Bjelovar, Centrom za socijalnu skrb Daruvar i Hrvatskim zavodom za zapo\u0161ljavanje podru\u017enica Bjelovar. Financijska potpora programu osigurana je tijekom 2015. godine od grada Bjelovara.<strong>&nbsp;<\/strong><\/p>\n<p><strong>Program &nbsp;\u201eUsluge osobnog asistenta za osobe oboljele od MS-a\u201c, Ministarstvo socijalne politike i mladih.<\/strong><\/p>\n<p><strong>Tijekom 2015. godine udruga provodi tre\u0107u godinu programa<\/strong> u koji &nbsp;je uklju\u010deno pet korisnika s podru\u010dja grada Bjelovara, \u010dlanovi Dru\u0161tva MS BB\u017d &nbsp;s najte\u017eom vrstom i stupnjem invaliditeta. Za pru\u017eanje svakodnevne usluge osobne asistencije udruga zapo\u0161ljava 5 (pet) osobnih asistenata.&nbsp;<strong>Program javnog rada<\/strong> udruga provodi tijekom cijele 2015 godine. Zaposlili smo 6 osoba za pru\u017eanje pomo\u0107i oboljelima od multiple skleroze.&nbsp;U listopadu 2015.g. zapo\u010deli smo provedbu na\u0161eg prvog projekta financiranog iz europskih fondova. Za provedbu projekta <strong>\u201e\u0160irenje mre\u017ee osobne asistencije za osobe oboljele od MS-a\u201c <\/strong>odobrena su nam bespovratna sredstva iz <strong>Europskog socijalnog fonda.<\/strong> Zaposlili smo 6 osobnih asistenata koji \u0107e u narednih godinu dana osiguravati usluge osobne asistencije za 6 na\u0161ih \u010dlanova odnosno korisnika s najte\u017eim stupnjem invaliditeta. Svi osobni asistenti i korisnici pro\u0161li su edukaciju SOIH-a.<\/p>\n<p>Realizirali smo <strong>ekolo\u0161ko-humanitarnu akciju \u201e\u010cepovi u slu\u017ebi \u010dovjeka\u201c koju smo provodili <\/strong>u suradnji s Narodnom knji\u017enicom Petar Preradovi\u0107 Dje\u010dji odjel Igraonica i Udrugom hrvatskih branitelja lije\u010denih od PTSP-a. Akcijom su sakupljeni plasti\u010dni i metalni \u010depovi u osnovnim i srednjim \u0161kolama, dje\u010djim vrti\u0107ima i ugostiteljskim objektima na podru\u010dju Bjelovarsko-bilogorske \u017eupanije. Prihod od sakupljenih \u010depova namijenili smo za kupnju ortopedskih pomagala za osobe oboljele od multiple skleroze. 22. travnja 2015.g. na Dan planete zemlje organizirali smo tiskovnu konferenciju povodom zavr\u0161etka na\u0161e humanitarne akcije \u201e\u010cepovi u slu\u017ebi \u010dovjeka\u201c. 13&nbsp;velja\u010de 2015.g. i 24. o\u017eujka 2015.g. u okviru programa \u201eZajedno do kvalitetnog \u017eivota\u201c \u2013 prva godina provedbe organizirali smo radionice pod nazivom \u201eKako se snalaziti u stresnim situacijama\u201c i \u201eUpravljanje stresom\u201c. Radionice je odr\u017eala predstavnica partnerske organizacije na programu Kristina Kanis Uldrijan, psiholog Centra za socijalnu skrb Bjelovar, Podru\u017enica Obiteljski centar.17. svibnja 2015.g. predstavnica na\u0161e udruge u\u010destvovala je na prvoj konferenciji \u017eena s invaliditetom o temi \u201ePolo\u017eaj \u017eena s invaliditetom u RH\u201c odr\u017eanoj u Zagrebu.<\/p>\n<ol start=\"29\">\n<li>svibnja 2015.g. obilje\u017eili smo Svjetski dan multiple skleroze.<\/li>\n<\/ol>\n<p>Tim povodom ugostili smo ravnatelja Specijalne bolnice za medicinsku rehabilitaciju Lipik g. Darka Keleman i fizijatra dr. Oto Kramel koji su za na\u0161e \u010dlanove odr\u017eali predavanje na temu \u201eRehabilitacija u specijalnoj bolnici za medicinsku rehabilitaciju Lipik\u201c.&nbsp;Predstavnica OrtoRea d.o.o. Antonija D\u017eoli\u0107 informirala je \u010dlanove o opskrbi ortopedskim pomagalima u rehabilitacijskoj ustanovi.&nbsp;Posjetili smo na\u0161e nepokretne i te\u0161ko pokretne \u010dlanove koji nisu u mogu\u0107nosti sudjelovati u aktivnostima udruge.<\/p>\n<figure id=\"attachment_566\" aria-describedby=\"caption-attachment-566\" style=\"width: 500px\" class=\"wp-caption alignleft\"><img loading=\"lazy\" decoding=\"async\" class=\"wp-image-566 size-medium\" src=\"http:\/\/dms-bbz.hr\/wp-content\/uploads\/2016\/03\/Posjete-\u010dlanova-500x375.jpg\" alt=\"Posjete \u010dlanova\" width=\"500\" height=\"375\" srcset=\"https:\/\/dms-bbz.hr\/wp-content\/uploads\/2016\/03\/Posjete-\u010dlanova-500x375.jpg 500w, https:\/\/dms-bbz.hr\/wp-content\/uploads\/2016\/03\/Posjete-\u010dlanova-768x576.jpg 768w, https:\/\/dms-bbz.hr\/wp-content\/uploads\/2016\/03\/Posjete-\u010dlanova.jpg 808w\" sizes=\"auto, (max-width: 500px) 100vw, 500px\" \/><figcaption id=\"caption-attachment-566\" class=\"wp-caption-text\">Posjete \u010dlanova<\/figcaption><\/figure>\n<p>Svojim sudjelovanjem poduprijeli smo akciju na Bundeku \u201eHodaj za MS\u201c .<\/p>\n<figure id=\"attachment_568\" aria-describedby=\"caption-attachment-568\" style=\"width: 500px\" class=\"wp-caption alignleft\"><img loading=\"lazy\" decoding=\"async\" class=\"wp-image-568 size-medium\" src=\"http:\/\/dms-bbz.hr\/wp-content\/uploads\/2016\/03\/Bundek-Zg-500x375.jpg\" alt=\"Bundek\" width=\"500\" height=\"375\" srcset=\"https:\/\/dms-bbz.hr\/wp-content\/uploads\/2016\/03\/Bundek-Zg-500x375.jpg 500w, https:\/\/dms-bbz.hr\/wp-content\/uploads\/2016\/03\/Bundek-Zg.jpg 577w\" sizes=\"auto, (max-width: 500px) 100vw, 500px\" \/><figcaption id=\"caption-attachment-568\" class=\"wp-caption-text\">Bundek<\/figcaption><\/figure>\n<figure id=\"attachment_569\" aria-describedby=\"caption-attachment-569\" style=\"width: 500px\" class=\"wp-caption alignleft\"><img loading=\"lazy\" decoding=\"async\" class=\"wp-image-569 size-medium\" src=\"http:\/\/dms-bbz.hr\/wp-content\/uploads\/2016\/03\/Bundek-500x375.jpg\" alt=\"Bundek\" width=\"500\" height=\"375\" srcset=\"https:\/\/dms-bbz.hr\/wp-content\/uploads\/2016\/03\/Bundek-500x375.jpg 500w, https:\/\/dms-bbz.hr\/wp-content\/uploads\/2016\/03\/Bundek.jpg 577w\" sizes=\"auto, (max-width: 500px) 100vw, 500px\" \/><figcaption id=\"caption-attachment-569\" class=\"wp-caption-text\">Bundek<\/figcaption><\/figure>\n<figure id=\"attachment_571\" aria-describedby=\"caption-attachment-571\" style=\"width: 500px\" class=\"wp-caption alignleft\"><img loading=\"lazy\" decoding=\"async\" class=\"wp-image-571 size-medium\" src=\"http:\/\/dms-bbz.hr\/wp-content\/uploads\/2016\/03\/Tihana-Gr\u017ein\u010di\u0107-dr.-500x332.jpg\" alt=\"Tihana Gr\u017ein\u010di\u0107 dr.\" width=\"500\" height=\"332\" srcset=\"https:\/\/dms-bbz.hr\/wp-content\/uploads\/2016\/03\/Tihana-Gr\u017ein\u010di\u0107-dr.-500x332.jpg 500w, https:\/\/dms-bbz.hr\/wp-content\/uploads\/2016\/03\/Tihana-Gr\u017ein\u010di\u0107-dr..jpg 652w\" sizes=\"auto, (max-width: 500px) 100vw, 500px\" \/><figcaption id=\"caption-attachment-571\" class=\"wp-caption-text\">Tihana Gr\u017ein\u010di\u0107 dr.<\/figcaption><\/figure>\n<p>Povodom Nacionalnog dana multiple skleroze u Bjelovaru je organizirano predavanje na temu<strong> \u201eNovosti u lije\u010denju MS-a\u201c<\/strong> koje je odr\u017eala dr. Tihana Gr\u017ein\u010di\u0107, specijalist neurolog. Na\u0161i \u010dlanovi sudjelovali su na konferenciji \u201ePristup informacijama osobama s multiplom sklerozom\u201c odr\u017eanoj 26.09.2015. u Zagrebu.<\/p>\n<figure id=\"attachment_572\" aria-describedby=\"caption-attachment-572\" style=\"width: 500px\" class=\"wp-caption alignleft\"><img loading=\"lazy\" decoding=\"async\" class=\"wp-image-572 size-medium\" src=\"http:\/\/dms-bbz.hr\/wp-content\/uploads\/2016\/03\/Predavanje-500x375.jpg\" alt=\"Predavanje\" width=\"500\" height=\"375\" srcset=\"https:\/\/dms-bbz.hr\/wp-content\/uploads\/2016\/03\/Predavanje-500x375.jpg 500w, https:\/\/dms-bbz.hr\/wp-content\/uploads\/2016\/03\/Predavanje.jpg 577w\" sizes=\"auto, (max-width: 500px) 100vw, 500px\" \/><figcaption id=\"caption-attachment-572\" class=\"wp-caption-text\">Predavanje<\/figcaption><\/figure>\n<p>Sa Savezom dru\u0161tava MS Hrvatske organizirali smo seminar na temu <strong>\u201ePristupa\u010dnost za osobe oboljele od multiple skleroze\u201c.<\/strong> Seminar je odr\u017ean 17.09.2015. u Bjelovaru.<br \/>\n26.11.2015. organizirali smo radionicu na temu \u201eKreativne tehnike u rehabilitaciji osoba s invaliditetom\u201c. Radionicu je odr\u017eala Romana Misir, prof. defektolog Centra za socijalnu skrb Bjelovar &#8211; Podru\u017enica Obiteljski centar.<\/p>\n<figure id=\"attachment_573\" aria-describedby=\"caption-attachment-573\" style=\"width: 500px\" class=\"wp-caption alignleft\"><img loading=\"lazy\" decoding=\"async\" class=\"wp-image-573 size-medium\" src=\"http:\/\/dms-bbz.hr\/wp-content\/uploads\/2016\/03\/Radionica-500x376.jpg\" alt=\"Radionica\" width=\"500\" height=\"376\" srcset=\"https:\/\/dms-bbz.hr\/wp-content\/uploads\/2016\/03\/Radionica-500x376.jpg 500w, https:\/\/dms-bbz.hr\/wp-content\/uploads\/2016\/03\/Radionica.jpg 576w\" sizes=\"auto, (max-width: 500px) 100vw, 500px\" \/><figcaption id=\"caption-attachment-573\" class=\"wp-caption-text\">Radionica<\/figcaption><\/figure>\n<figure id=\"attachment_574\" aria-describedby=\"caption-attachment-574\" style=\"width: 500px\" class=\"wp-caption alignnone\"><img loading=\"lazy\" decoding=\"async\" class=\"wp-image-574 size-medium\" src=\"http:\/\/dms-bbz.hr\/wp-content\/uploads\/2016\/03\/Radionica-Bj-500x376.jpg\" alt=\"Radionica Bj\" width=\"500\" height=\"376\" srcset=\"https:\/\/dms-bbz.hr\/wp-content\/uploads\/2016\/03\/Radionica-Bj-500x376.jpg 500w, https:\/\/dms-bbz.hr\/wp-content\/uploads\/2016\/03\/Radionica-Bj.jpg 576w\" sizes=\"auto, (max-width: 500px) 100vw, 500px\" \/><figcaption id=\"caption-attachment-574\" class=\"wp-caption-text\">Radionica<\/figcaption><\/figure>\n<p>U okviru druge godine programa \u201eZajedno do kvalitetnog \u017eivota\u201c 10.12.2015. u Daruvaru&nbsp;je organizirano predavanje na temu \u201eKvaliteta \u017eivota osoba s MS-om i socijalna mre\u017ee\u201c.Predavanje je odr\u017eala&nbsp; Katarina Rezler, socijalna radnica iz Centra za socijalnu skrb&nbsp;Daruvar.<\/p>\n<figure id=\"attachment_575\" aria-describedby=\"caption-attachment-575\" style=\"width: 500px\" class=\"wp-caption alignleft\"><img loading=\"lazy\" decoding=\"async\" class=\"wp-image-575 size-medium\" src=\"http:\/\/dms-bbz.hr\/wp-content\/uploads\/2016\/03\/Predavanje-Da-500x375.jpg\" alt=\"Daruvar\" width=\"500\" height=\"375\" srcset=\"https:\/\/dms-bbz.hr\/wp-content\/uploads\/2016\/03\/Predavanje-Da-500x375.jpg 500w, https:\/\/dms-bbz.hr\/wp-content\/uploads\/2016\/03\/Predavanje-Da.jpg 577w\" sizes=\"auto, (max-width: 500px) 100vw, 500px\" \/><figcaption id=\"caption-attachment-575\" class=\"wp-caption-text\">Predavanje<\/figcaption><\/figure>\n<figure id=\"attachment_576\" aria-describedby=\"caption-attachment-576\" style=\"width: 500px\" class=\"wp-caption alignleft\"><img loading=\"lazy\" decoding=\"async\" class=\"wp-image-576 size-medium\" src=\"http:\/\/dms-bbz.hr\/wp-content\/uploads\/2016\/03\/Predavanje-Daruvar-500x375.jpg\" alt=\"Daruvar\" width=\"500\" height=\"375\" srcset=\"https:\/\/dms-bbz.hr\/wp-content\/uploads\/2016\/03\/Predavanje-Daruvar-500x375.jpg 500w, https:\/\/dms-bbz.hr\/wp-content\/uploads\/2016\/03\/Predavanje-Daruvar.jpg 577w\" sizes=\"auto, (max-width: 500px) 100vw, 500px\" \/><figcaption id=\"caption-attachment-576\" class=\"wp-caption-text\">Predavanje<\/figcaption><\/figure>\n<p>U 2015. godini udruga je zaposlila stru\u010dnog fizioterapeuta za terenski rad kod \u010dlanova na&nbsp;Daruvarskom podru\u010dju. Na taj na\u010din \u010dlanovima Kluba Daruvar omogu\u0107en je \u010de\u0161\u0107i&nbsp;fizioterapeutski tretman u njihovim domovima.<\/p>\n<p>Udruga je tijekom 2015. godine uspje\u0161no sura\u0111ivala s Centrima za socijalnu skrb na podru\u010dju BB\u017d, jedinicama lokalne uprave i samouprave, Hrvatskim zavodom za zapo\u0161ljavanje PU Bjelovar, Op\u0107om bolnicom Bjelovar, Crvenim kri\u017eom, udrugama osoba s invaliditetom i medijima.&nbsp;Zahvaljuju\u0107i odli\u010dnoj suradnji s lokalnim medijima informirali smo javnost o radu i aktivnostima udruge u 2015. godini.<strong>&nbsp;<\/strong><\/p>\n<p><em>Predsjednik DMS BB\u017d&nbsp;&nbsp;&nbsp;&nbsp;&nbsp;&nbsp;&nbsp;&nbsp;&nbsp;&nbsp;&nbsp;&nbsp;&nbsp;&nbsp;&nbsp;&nbsp;&nbsp;&nbsp;&nbsp;&nbsp;&nbsp;&nbsp;&nbsp;&nbsp;&nbsp;&nbsp;&nbsp;&nbsp;&nbsp;&nbsp;&nbsp;&nbsp;&nbsp;&nbsp;&nbsp;&nbsp;&nbsp;&nbsp;&nbsp;&nbsp;&nbsp;&nbsp; Voditeljica programa i projekata<\/em><\/p>\n<p><em>&nbsp;&nbsp; Bojan Bla\u017eevi\u0107&nbsp;&nbsp;&nbsp;&nbsp;&nbsp;&nbsp;&nbsp;&nbsp;&nbsp;&nbsp;&nbsp;&nbsp;&nbsp;&nbsp;&nbsp;&nbsp;&nbsp;&nbsp;&nbsp;&nbsp;&nbsp;&nbsp;&nbsp; &nbsp;&nbsp;&nbsp;&nbsp;&nbsp;&nbsp;&nbsp;&nbsp;&nbsp;&nbsp;&nbsp;&nbsp;&nbsp;&nbsp;&nbsp;&nbsp;&nbsp;&nbsp;&nbsp;&nbsp;&nbsp;&nbsp;&nbsp;&nbsp;&nbsp;&nbsp;&nbsp;&nbsp;&nbsp;&nbsp;&nbsp;&nbsp;&nbsp;Milijana Martinovi\u0107<\/em><\/p>\n","protected":false},"excerpt":{"rendered":"<p>IZVJE\u0160TAJ O RADU DRU\u0160TVA MULTIPLE SKLEROZE BJELOVARSKO_BILOGORSKE \u017dUPANIJE U 2015. godini Dru\u0161tvo MS BB\u017d &nbsp;u 2015. godini organiziralo je brojne aktivnosti provede s ciljem unapre\u0111enja kvalitete \u017eivota osoba oboljelih od multiple skleroze. PROGRAMI koje udruga provodi tijekom 2015. godine: Trogodi\u0161nji program \u201eZajedno do kvalitetnog \u017eivota\u201c, Ministarstvo socijalne politike i mladih Prvu godinu programa realizirali smo [&hellip;]<\/p>\n","protected":false},"author":1,"featured_media":0,"parent":0,"menu_order":0,"comment_status":"closed","ping_status":"closed","template":"","meta":{"ngg_post_thumbnail":0,"footnotes":""},"class_list":["post-559","page","type-page","status-publish","hentry"],"yoast_head":"<!-- This site is optimized with the Yoast SEO plugin v25.2 - https:\/\/yoast.com\/wordpress\/plugins\/seo\/ -->\n<title>Izvje\u0161taj o radu za 2015. godinu - Dru\u0161tvo Multiple Skleroze Bjelovarsko bilogorske \u017eupanije<\/title>\n<meta name=\"robots\" content=\"index, follow, max-snippet:-1, max-image-preview:large, max-video-preview:-1\" \/>\n<link rel=\"canonical\" href=\"http:\/\/dms-bbz.hr\/index.php\/izvjestaj-o-radu-za-2015-godinu\/\" \/>\n<meta property=\"og:locale\" content=\"hr_HR\" \/>\n<meta property=\"og:type\" content=\"article\" \/>\n<meta property=\"og:title\" content=\"Izvje\u0161taj o radu za 2015. godinu - Dru\u0161tvo Multiple Skleroze Bjelovarsko bilogorske \u017eupanije\" \/>\n<meta property=\"og:description\" content=\"IZVJE\u0160TAJ O RADU DRU\u0160TVA MULTIPLE SKLEROZE BJELOVARSKO_BILOGORSKE \u017dUPANIJE U 2015. godini Dru\u0161tvo MS BB\u017d &nbsp;u 2015. godini organiziralo je brojne aktivnosti provede s ciljem unapre\u0111enja kvalitete \u017eivota osoba oboljelih od multiple skleroze. PROGRAMI koje udruga provodi tijekom 2015. godine: Trogodi\u0161nji program \u201eZajedno do kvalitetnog \u017eivota\u201c, Ministarstvo socijalne politike i mladih Prvu godinu programa realizirali smo [&hellip;]\" \/>\n<meta property=\"og:url\" content=\"http:\/\/dms-bbz.hr\/index.php\/izvjestaj-o-radu-za-2015-godinu\/\" \/>\n<meta property=\"og:site_name\" content=\"Dru\u0161tvo Multiple Skleroze Bjelovarsko bilogorske \u017eupanije\" \/>\n<meta property=\"article:publisher\" content=\"https:\/\/www.facebook.com\/drustvomultipleskleroze.bjelovar\" \/>\n<meta property=\"article:modified_time\" content=\"2019-09-24T18:58:08+00:00\" \/>\n<meta property=\"og:image\" content=\"http:\/\/dms-bbz.hr\/wp-content\/uploads\/2019\/09\/logo-i-SOS.jpg\" \/>\n<meta name=\"twitter:card\" content=\"summary_large_image\" \/>\n<meta name=\"twitter:label1\" content=\"Procijenjeno vrijeme \u010ditanja\" \/>\n\t<meta name=\"twitter:data1\" content=\"5 minuta\" \/>\n<script type=\"application\/ld+json\" class=\"yoast-schema-graph\">{\"@context\":\"https:\/\/schema.org\",\"@graph\":[{\"@type\":\"WebPage\",\"@id\":\"http:\/\/dms-bbz.hr\/index.php\/izvjestaj-o-radu-za-2015-godinu\/\",\"url\":\"http:\/\/dms-bbz.hr\/index.php\/izvjestaj-o-radu-za-2015-godinu\/\",\"name\":\"Izvje\u0161taj o radu za 2015. godinu - Dru\u0161tvo Multiple Skleroze Bjelovarsko bilogorske \u017eupanije\",\"isPartOf\":{\"@id\":\"http:\/\/dms-bbz.hr\/#website\"},\"primaryImageOfPage\":{\"@id\":\"http:\/\/dms-bbz.hr\/index.php\/izvjestaj-o-radu-za-2015-godinu\/#primaryimage\"},\"image\":{\"@id\":\"http:\/\/dms-bbz.hr\/index.php\/izvjestaj-o-radu-za-2015-godinu\/#primaryimage\"},\"thumbnailUrl\":\"http:\/\/dms-bbz.hr\/wp-content\/uploads\/2019\/09\/logo-i-SOS.jpg\",\"datePublished\":\"2016-03-29T15:12:14+00:00\",\"dateModified\":\"2019-09-24T18:58:08+00:00\",\"breadcrumb\":{\"@id\":\"http:\/\/dms-bbz.hr\/index.php\/izvjestaj-o-radu-za-2015-godinu\/#breadcrumb\"},\"inLanguage\":\"hr\",\"potentialAction\":[{\"@type\":\"ReadAction\",\"target\":[\"http:\/\/dms-bbz.hr\/index.php\/izvjestaj-o-radu-za-2015-godinu\/\"]}]},{\"@type\":\"ImageObject\",\"inLanguage\":\"hr\",\"@id\":\"http:\/\/dms-bbz.hr\/index.php\/izvjestaj-o-radu-za-2015-godinu\/#primaryimage\",\"url\":\"https:\/\/dms-bbz.hr\/wp-content\/uploads\/2019\/09\/logo-i-SOS.jpg\",\"contentUrl\":\"https:\/\/dms-bbz.hr\/wp-content\/uploads\/2019\/09\/logo-i-SOS.jpg\",\"width\":428,\"height\":161},{\"@type\":\"BreadcrumbList\",\"@id\":\"http:\/\/dms-bbz.hr\/index.php\/izvjestaj-o-radu-za-2015-godinu\/#breadcrumb\",\"itemListElement\":[{\"@type\":\"ListItem\",\"position\":1,\"name\":\"Home\",\"item\":\"http:\/\/dms-bbz.hr\/\"},{\"@type\":\"ListItem\",\"position\":2,\"name\":\"Izvje\u0161taj o radu za 2015. godinu\"}]},{\"@type\":\"WebSite\",\"@id\":\"http:\/\/dms-bbz.hr\/#website\",\"url\":\"http:\/\/dms-bbz.hr\/\",\"name\":\"Dru\u0161tvo Multiple Skleroze Bjelovarsko bilogorske \u017eupanije\",\"description\":\"Masarykova 8\",\"publisher\":{\"@id\":\"http:\/\/dms-bbz.hr\/#organization\"},\"potentialAction\":[{\"@type\":\"SearchAction\",\"target\":{\"@type\":\"EntryPoint\",\"urlTemplate\":\"http:\/\/dms-bbz.hr\/?s={search_term_string}\"},\"query-input\":{\"@type\":\"PropertyValueSpecification\",\"valueRequired\":true,\"valueName\":\"search_term_string\"}}],\"inLanguage\":\"hr\"},{\"@type\":\"Organization\",\"@id\":\"http:\/\/dms-bbz.hr\/#organization\",\"name\":\"Dru\u0161tvo Multiple Skleroze Bjelovarsko bilogorske \u017eupanije\",\"url\":\"http:\/\/dms-bbz.hr\/\",\"logo\":{\"@type\":\"ImageObject\",\"inLanguage\":\"hr\",\"@id\":\"http:\/\/dms-bbz.hr\/#\/schema\/logo\/image\/\",\"url\":\"http:\/\/dms-bbz.hr\/wp-content\/uploads\/2015\/09\/cropped-clip_image002.jpg\",\"contentUrl\":\"http:\/\/dms-bbz.hr\/wp-content\/uploads\/2015\/09\/cropped-clip_image002.jpg\",\"width\":512,\"height\":512,\"caption\":\"Dru\u0161tvo Multiple Skleroze Bjelovarsko bilogorske \u017eupanije\"},\"image\":{\"@id\":\"http:\/\/dms-bbz.hr\/#\/schema\/logo\/image\/\"},\"sameAs\":[\"https:\/\/www.facebook.com\/drustvomultipleskleroze.bjelovar\"]}]}<\/script>\n<!-- \/ Yoast SEO plugin. -->","yoast_head_json":{"title":"Izvje\u0161taj o radu za 2015. godinu - Dru\u0161tvo Multiple Skleroze Bjelovarsko bilogorske \u017eupanije","robots":{"index":"index","follow":"follow","max-snippet":"max-snippet:-1","max-image-preview":"max-image-preview:large","max-video-preview":"max-video-preview:-1"},"canonical":"http:\/\/dms-bbz.hr\/index.php\/izvjestaj-o-radu-za-2015-godinu\/","og_locale":"hr_HR","og_type":"article","og_title":"Izvje\u0161taj o radu za 2015. godinu - Dru\u0161tvo Multiple Skleroze Bjelovarsko bilogorske \u017eupanije","og_description":"IZVJE\u0160TAJ O RADU DRU\u0160TVA MULTIPLE SKLEROZE BJELOVARSKO_BILOGORSKE \u017dUPANIJE U 2015. godini Dru\u0161tvo MS BB\u017d &nbsp;u 2015. godini organiziralo je brojne aktivnosti provede s ciljem unapre\u0111enja kvalitete \u017eivota osoba oboljelih od multiple skleroze. PROGRAMI koje udruga provodi tijekom 2015. godine: Trogodi\u0161nji program \u201eZajedno do kvalitetnog \u017eivota\u201c, Ministarstvo socijalne politike i mladih Prvu godinu programa realizirali smo [&hellip;]","og_url":"http:\/\/dms-bbz.hr\/index.php\/izvjestaj-o-radu-za-2015-godinu\/","og_site_name":"Dru\u0161tvo Multiple Skleroze Bjelovarsko bilogorske \u017eupanije","article_publisher":"https:\/\/www.facebook.com\/drustvomultipleskleroze.bjelovar","article_modified_time":"2019-09-24T18:58:08+00:00","og_image":[{"url":"http:\/\/dms-bbz.hr\/wp-content\/uploads\/2019\/09\/logo-i-SOS.jpg","type":"","width":"","height":""}],"twitter_card":"summary_large_image","twitter_misc":{"Procijenjeno vrijeme \u010ditanja":"5 minuta"},"schema":{"@context":"https:\/\/schema.org","@graph":[{"@type":"WebPage","@id":"http:\/\/dms-bbz.hr\/index.php\/izvjestaj-o-radu-za-2015-godinu\/","url":"http:\/\/dms-bbz.hr\/index.php\/izvjestaj-o-radu-za-2015-godinu\/","name":"Izvje\u0161taj o radu za 2015. godinu - Dru\u0161tvo Multiple Skleroze Bjelovarsko bilogorske \u017eupanije","isPartOf":{"@id":"http:\/\/dms-bbz.hr\/#website"},"primaryImageOfPage":{"@id":"http:\/\/dms-bbz.hr\/index.php\/izvjestaj-o-radu-za-2015-godinu\/#primaryimage"},"image":{"@id":"http:\/\/dms-bbz.hr\/index.php\/izvjestaj-o-radu-za-2015-godinu\/#primaryimage"},"thumbnailUrl":"http:\/\/dms-bbz.hr\/wp-content\/uploads\/2019\/09\/logo-i-SOS.jpg","datePublished":"2016-03-29T15:12:14+00:00","dateModified":"2019-09-24T18:58:08+00:00","breadcrumb":{"@id":"http:\/\/dms-bbz.hr\/index.php\/izvjestaj-o-radu-za-2015-godinu\/#breadcrumb"},"inLanguage":"hr","potentialAction":[{"@type":"ReadAction","target":["http:\/\/dms-bbz.hr\/index.php\/izvjestaj-o-radu-za-2015-godinu\/"]}]},{"@type":"ImageObject","inLanguage":"hr","@id":"http:\/\/dms-bbz.hr\/index.php\/izvjestaj-o-radu-za-2015-godinu\/#primaryimage","url":"https:\/\/dms-bbz.hr\/wp-content\/uploads\/2019\/09\/logo-i-SOS.jpg","contentUrl":"https:\/\/dms-bbz.hr\/wp-content\/uploads\/2019\/09\/logo-i-SOS.jpg","width":428,"height":161},{"@type":"BreadcrumbList","@id":"http:\/\/dms-bbz.hr\/index.php\/izvjestaj-o-radu-za-2015-godinu\/#breadcrumb","itemListElement":[{"@type":"ListItem","position":1,"name":"Home","item":"http:\/\/dms-bbz.hr\/"},{"@type":"ListItem","position":2,"name":"Izvje\u0161taj o radu za 2015. godinu"}]},{"@type":"WebSite","@id":"http:\/\/dms-bbz.hr\/#website","url":"http:\/\/dms-bbz.hr\/","name":"Dru\u0161tvo Multiple Skleroze Bjelovarsko bilogorske \u017eupanije","description":"Masarykova 8","publisher":{"@id":"http:\/\/dms-bbz.hr\/#organization"},"potentialAction":[{"@type":"SearchAction","target":{"@type":"EntryPoint","urlTemplate":"http:\/\/dms-bbz.hr\/?s={search_term_string}"},"query-input":{"@type":"PropertyValueSpecification","valueRequired":true,"valueName":"search_term_string"}}],"inLanguage":"hr"},{"@type":"Organization","@id":"http:\/\/dms-bbz.hr\/#organization","name":"Dru\u0161tvo Multiple Skleroze Bjelovarsko bilogorske \u017eupanije","url":"http:\/\/dms-bbz.hr\/","logo":{"@type":"ImageObject","inLanguage":"hr","@id":"http:\/\/dms-bbz.hr\/#\/schema\/logo\/image\/","url":"http:\/\/dms-bbz.hr\/wp-content\/uploads\/2015\/09\/cropped-clip_image002.jpg","contentUrl":"http:\/\/dms-bbz.hr\/wp-content\/uploads\/2015\/09\/cropped-clip_image002.jpg","width":512,"height":512,"caption":"Dru\u0161tvo Multiple Skleroze Bjelovarsko bilogorske \u017eupanije"},"image":{"@id":"http:\/\/dms-bbz.hr\/#\/schema\/logo\/image\/"},"sameAs":["https:\/\/www.facebook.com\/drustvomultipleskleroze.bjelovar"]}]}},"_links":{"self":[{"href":"https:\/\/dms-bbz.hr\/index.php\/wp-json\/wp\/v2\/pages\/559","targetHints":{"allow":["GET"]}}],"collection":[{"href":"https:\/\/dms-bbz.hr\/index.php\/wp-json\/wp\/v2\/pages"}],"about":[{"href":"https:\/\/dms-bbz.hr\/index.php\/wp-json\/wp\/v2\/types\/page"}],"author":[{"embeddable":true,"href":"https:\/\/dms-bbz.hr\/index.php\/wp-json\/wp\/v2\/users\/1"}],"replies":[{"embeddable":true,"href":"https:\/\/dms-bbz.hr\/index.php\/wp-json\/wp\/v2\/comments?post=559"}],"version-history":[{"count":7,"href":"https:\/\/dms-bbz.hr\/index.php\/wp-json\/wp\/v2\/pages\/559\/revisions"}],"predecessor-version":[{"id":2081,"href":"https:\/\/dms-bbz.hr\/index.php\/wp-json\/wp\/v2\/pages\/559\/revisions\/2081"}],"wp:attachment":[{"href":"https:\/\/dms-bbz.hr\/index.php\/wp-json\/wp\/v2\/media?parent=559"}],"curies":[{"name":"wp","href":"https:\/\/api.w.org\/{rel}","templated":true}]}}