{"id":73,"date":"2015-09-09T19:03:53","date_gmt":"2015-09-09T19:03:53","guid":{"rendered":"http:\/\/dms-bbz.hr\/?page_id=73"},"modified":"2019-09-24T19:58:35","modified_gmt":"2019-09-24T18:58:35","slug":"izvjestaj-o-radu","status":"publish","type":"page","link":"https:\/\/dms-bbz.hr\/index.php\/izvjestaj-o-radu\/","title":{"rendered":"Izvje\u0161taj o radu za 2014. godinu"},"content":{"rendered":"<p><img loading=\"lazy\" decoding=\"async\" class=\"aligncenter size-full wp-image-2057\" src=\"http:\/\/dms-bbz.hr\/wp-content\/uploads\/2019\/09\/logo-i-SOS.jpg\" alt=\"\" width=\"428\" height=\"161\"><\/p>\n<p>&nbsp;<\/p>\n<h4><strong>IZVJE\u0160TAJ O RADU DRU\u0160TVA MULTIPLE SKLEROZE<br \/>\n<\/strong><strong>BJELOVARSKO-BILOGORSKE \u017dUPANIJE&nbsp;<\/strong><strong>u 2014. godini<\/strong><\/h4>\n<p><strong>Udruga&nbsp; je u 2014.g. nastavila provedbu programa&nbsp; \u201eUsluge osobnog asistenta za osobe oboljele od MS-a\u201c, financiranog od strane Ministarstva socijalne politike i mladih. Kako natje\u010daj nije dozvoljavao uklju\u010divanje novih korisnika u projekt , tijekom 2014. godine ostalo je uklju\u010deno 5 \u010dlanova udruge s najte\u017eom vrstom i stupnjem invaliditeta. Za pru\u017eanje svakodnevne usluge osobne asistencije udruga zapo\u0161ljava 5 (pet) osobnih asistenata.<\/strong><\/p>\n<p><strong>U suradnji sa Hrvatskim zavodom za zapo\u0161ljavanje podru\u017enicom Bjelovar udruga se uklju\u010dila u program javnog rada putem kojega su u prosincu 2013.&nbsp; godine zaposlene 3 osobe koji su radile putem javnog rada do 10.06.2014.g. Jedna osoba na poslovima tajnice (kao zamjena za djelatnicu na porodiljskom dopustu) i dvije osobe na poslovima pomo\u0107i u ku\u0107i te\u017ee pokretnima i nepokretnim \u010dlanovima udruge.<\/strong><\/p>\n<figure id=\"attachment_112\" aria-describedby=\"caption-attachment-112\" style=\"width: 500px\" class=\"wp-caption alignleft\"><a href=\"http:\/\/dms-bbz.hr\/wp-content\/uploads\/2015\/09\/Bj.jpg\"><img loading=\"lazy\" decoding=\"async\" class=\"wp-image-112 size-medium\" src=\"http:\/\/dms-bbz.hr\/wp-content\/uploads\/2015\/09\/Bj-500x375.jpg\" alt=\"Bjelovar\" width=\"500\" height=\"375\" srcset=\"https:\/\/dms-bbz.hr\/wp-content\/uploads\/2015\/09\/Bj-500x375.jpg 500w, https:\/\/dms-bbz.hr\/wp-content\/uploads\/2015\/09\/Bj.jpg 600w\" sizes=\"auto, (max-width: 500px) 100vw, 500px\" \/><\/a><figcaption id=\"caption-attachment-112\" class=\"wp-caption-text\">Bjelovar<\/figcaption><\/figure>\n<p><strong>U o\u017eujku &nbsp;poku\u0161avali smo organizirati izlet za \u010dlanove , ali zbog slabog odaziva \u010dlanova nismo uspjeli prikupiti dovoljan broj \u010dlanova za organiziranje izleta.<\/strong><\/p>\n<p><strong>Povodom Uskr\u0161njih blagdana 11. travnja 2014.g.u Daruvaru je organizirana radionica duhovne obnove i osna\u017eivanja koju je odr\u017eao vele\u010dasni Branko Gelemanovi\u0107 . Nakon radionice organizirano je dru\u017eenje \u010dlanova Kluba Daruvar<\/strong><\/p>\n<p><strong>Povodom Dana planete Zemlje 22. travnja u suradnji s Narodnom knji\u017enicom Petar Preradovi\u0107 Dje\u010dji odjel Igraonica i Udrugom hrvatskih branitelja lije\u010denih od PTSP-a Udruga je pokrenula humanitarnu akciju sakupljanja plasti\u010dnih i metalnih \u010depova od koje je prihod namijenjen za kupnju ortopedskih pomagala za osobe oboljele od multiple skleroze. U akciju su se uklju\u010dile \u0161kole, dje\u010dji vrti\u0107i i ugostiteljski objekti na podru\u010dju cijele Bjelovarsko-bilogorske \u017eupanije.<\/strong><\/p>\n<p><strong>Osim \u0161to zbrinjavanjem \u010depova poma\u017eemo u nabavci potrebnih ortopedskih pomagala za osobe oboljele od multiple skleroze, pridonosimo i o\u010duvanju na\u0161e planete te edukaciji djece u vrti\u0107ima i \u0161kolama o va\u017enosti za\u0161tite i o\u010duvanja okoli\u0161a.<\/strong><\/p>\n<p><strong>Sredinom svibnja 2014.g. preselili smo se u nove prostorije u Masarykovoj 8, koji smo dobili na kori\u0161tenje na&nbsp; razdoblje od tri godine od Grada Bjelovara.<\/strong><\/p>\n<p><strong>U novim prostorijama &nbsp;28. svibnja &nbsp;2014.g. obilje\u017eili smo Me\u0111unarodni dan multiple skleroze.<\/strong><\/p>\n<p><strong>Povodom obilje\u017eavanja&nbsp; Svjetskog dana MS-a&nbsp; dr. Tihana Gr\u017ein\u010di\u0107, spec. neurolog&nbsp; odr\u017eala je predavanje na temu \u201eMULTIPLA SKLEROZA \u2013 Bolest s tisu\u0107u lica\u201c.<\/strong><\/p>\n<figure id=\"attachment_111\" aria-describedby=\"caption-attachment-111\" style=\"width: 500px\" class=\"wp-caption alignleft\"><a href=\"http:\/\/dms-bbz.hr\/wp-content\/uploads\/2015\/09\/Central-2.jpg\"><img loading=\"lazy\" decoding=\"async\" class=\"wp-image-111 size-medium\" src=\"http:\/\/dms-bbz.hr\/wp-content\/uploads\/2015\/09\/Central-2-500x375.jpg\" alt=\"Bjelovar\" width=\"500\" height=\"375\" srcset=\"https:\/\/dms-bbz.hr\/wp-content\/uploads\/2015\/09\/Central-2-500x375.jpg 500w, https:\/\/dms-bbz.hr\/wp-content\/uploads\/2015\/09\/Central-2.jpg 960w\" sizes=\"auto, (max-width: 500px) 100vw, 500px\" \/><\/a><figcaption id=\"caption-attachment-111\" class=\"wp-caption-text\">Bjelovar<\/figcaption><\/figure>\n<p><strong>Ravnateljica Centra za socijalnu skrb g\u0111a. Kristina Novali\u0107 odr\u017eala je predavanje na temu \u201ePrava i kako ostvariti ista za osobe s invaliditetom\u201c .<\/strong><\/p>\n<p><strong>U Daruvaru je 28. svibnja 2014.g. tako\u0111er obilje\u017een Svjetski dan MS-a za \u010dlanove Kluba Daruvar.<\/strong><\/p>\n<p><strong>Povodom obilje\u017eavanja&nbsp;&nbsp; Svjetskog dana MS-a &nbsp;&nbsp;Oto Kraml, dr. med., spec. fizikalne medicine i rehabilitacije&nbsp;odr\u017eao je predavanje na temu \u201e Lije\u010denje oboljelih od MS u SB. Lipik\u201c.<\/strong><\/p>\n<figure id=\"attachment_107\" aria-describedby=\"caption-attachment-107\" style=\"width: 500px\" class=\"wp-caption alignleft\"><a href=\"http:\/\/dms-bbz.hr\/wp-content\/uploads\/2015\/09\/Da2.jpg\"><img loading=\"lazy\" decoding=\"async\" class=\"wp-image-107 size-medium\" src=\"http:\/\/dms-bbz.hr\/wp-content\/uploads\/2015\/09\/Da2-500x348.jpg\" alt=\"Bjelovar\" width=\"500\" height=\"348\" srcset=\"https:\/\/dms-bbz.hr\/wp-content\/uploads\/2015\/09\/Da2-500x348.jpg 500w, https:\/\/dms-bbz.hr\/wp-content\/uploads\/2015\/09\/Da2.jpg 639w\" sizes=\"auto, (max-width: 500px) 100vw, 500px\" \/><\/a><figcaption id=\"caption-attachment-107\" class=\"wp-caption-text\">Bjelovar<\/figcaption><\/figure>\n<figure id=\"attachment_109\" aria-describedby=\"caption-attachment-109\" style=\"width: 500px\" class=\"wp-caption alignleft\"><a href=\"http:\/\/dms-bbz.hr\/wp-content\/uploads\/2015\/09\/Central.jpg\"><img loading=\"lazy\" decoding=\"async\" class=\"wp-image-109 size-medium\" src=\"http:\/\/dms-bbz.hr\/wp-content\/uploads\/2015\/09\/Central-500x375.jpg\" alt=\"Bjelovar\" width=\"500\" height=\"375\" srcset=\"https:\/\/dms-bbz.hr\/wp-content\/uploads\/2015\/09\/Central-500x375.jpg 500w, https:\/\/dms-bbz.hr\/wp-content\/uploads\/2015\/09\/Central.jpg 577w\" sizes=\"auto, (max-width: 500px) 100vw, 500px\" \/><\/a><figcaption id=\"caption-attachment-109\" class=\"wp-caption-text\">Bjelovar<\/figcaption><\/figure>\n<figure id=\"attachment_103\" aria-describedby=\"caption-attachment-103\" style=\"width: 500px\" class=\"wp-caption alignleft\"><a href=\"http:\/\/dms-bbz.hr\/wp-content\/uploads\/2015\/09\/da1.jpg\"><img loading=\"lazy\" decoding=\"async\" class=\"wp-image-103 size-medium\" src=\"http:\/\/dms-bbz.hr\/wp-content\/uploads\/2015\/09\/da1-500x356.jpg\" alt=\"Daruvar\" width=\"500\" height=\"356\" srcset=\"https:\/\/dms-bbz.hr\/wp-content\/uploads\/2015\/09\/da1-500x356.jpg 500w, https:\/\/dms-bbz.hr\/wp-content\/uploads\/2015\/09\/da1.jpg 693w\" sizes=\"auto, (max-width: 500px) 100vw, 500px\" \/><\/a><figcaption id=\"caption-attachment-103\" class=\"wp-caption-text\">Daruvar<\/figcaption><\/figure>\n<figure id=\"attachment_105\" aria-describedby=\"caption-attachment-105\" style=\"width: 500px\" class=\"wp-caption alignleft\"><a href=\"http:\/\/dms-bbz.hr\/wp-content\/uploads\/2015\/09\/Daruvar.jpg\"><img loading=\"lazy\" decoding=\"async\" class=\"wp-image-105 size-medium\" src=\"http:\/\/dms-bbz.hr\/wp-content\/uploads\/2015\/09\/Daruvar-500x375.jpg\" alt=\"Daruvar\" width=\"500\" height=\"375\" srcset=\"https:\/\/dms-bbz.hr\/wp-content\/uploads\/2015\/09\/Daruvar-500x375.jpg 500w, https:\/\/dms-bbz.hr\/wp-content\/uploads\/2015\/09\/Daruvar.jpg 634w\" sizes=\"auto, (max-width: 500px) 100vw, 500px\" \/><\/a><figcaption id=\"caption-attachment-105\" class=\"wp-caption-text\">Daruvar<\/figcaption><\/figure>\n<p><strong>Ravnateljica Centra za socijalnu skrb g\u0111a. Marina Vulinovi\u0107 odr\u017eala je predavanje na temu \u201ePrava i kako ostvariti ista za osobe s invaliditetom\u201c<\/strong><\/p>\n<p><strong>Od prvog srpnja 2014.g. zaposlili smo dvije geronto doma\u0107ice i jednog fizioterapeuta, temeljem trogodi\u0161njeg programa \u201eZajedno do kvalitetnog \u017eivota\u201c, te smo na taj na\u010din osigurali usluge pomo\u0107i u ku\u0107i te\u017ee pokretnim i nepokretnim \u010dlanovima i rehabilitacijske usluge svim \u010dlanovima.<\/strong><\/p>\n<p><strong>19.09.2014.g. u hotelu Central predstavili smo prvu godinu programa \u201eZajedno do kvalitetnog \u017eivota\u201c uz financijsku potporu Ministarstva socijalne politike i mladih.<\/strong><\/p>\n<p><strong>Program provodimo u partnerstvu sa Hrvatskim zavodom za zapo\u0161ljavanje, Centrom za socijalnu skrb Bjelovar i Centrom za socijalnu skrb Daruvar.&nbsp; Predstavnica Centra za socijalnu skrb Bjelovar &nbsp;Romana Misir, prof. defektolog odr\u017eala je predavanje na temu \u201eDeinstitucionalizacija\u201c<\/strong><\/p>\n<p><strong>Uvod u temu \u201ePolitike Vlade RH o zapo\u0161ljavanju i samozapo\u0161ljavanju osoba s invaliditetom, izazovi i mogu\u0107nosti za osobe s MS-om\u201c, obrazlo\u017eila je Martina Bere\u0161 iz Hrvatskog zavoda za zapo\u0161ljavanje.<\/strong><\/p>\n<p><strong>U okviru navedenog programa odr\u017eane su dvije radionice u Daruvaru za \u010dlanove Kluba Daruvar.<\/strong><\/p>\n<p><strong>Na prvoj radionici odr\u017eanoj 30.09.2014.g. , voditeljica programa Milijana Martinovi\u0107 predstavila ja prvu godinu&nbsp; trogodi\u0161nji programa \u201eZajedno do kvalitetnog \u017eivota\u201c.&nbsp; Predstavnica Centra za socijalnu skrb Daruvar Kristina Rukavina odr\u017eala je predavanje na temu \u201ePrava i kako ostvariti ista za osobe s multiplom &nbsp;sklerozom iz sustava socijalne skrbi, temeljem Zakona o socijalnoj skrbi\u201c<\/strong><\/p>\n<p><strong>Uvod u temu \u201ePolitike Vlade RH o zapo\u0161ljavanju i samozapo\u0161ljavanju osoba s invaliditetom, izazovi i mogu\u0107nosti za osobe s MS-om\u201c, predstavila&nbsp; je Martina Bere\u0161, &nbsp;predstavnica Hrvatskog &nbsp;zavoda za zapo\u0161ljavanje.<\/strong><\/p>\n<p><strong>Druga radionica odr\u017eana je 27.11.2014.g. Na toj radionici predstavnica Hrvatskog zavoda za zapo\u0161ljavanje Martina Bere\u0161 odr\u017eala je predavanje na temu \u201eZapo\u0161ljavanje osoba s invaliditetom-olak\u0161ice i poticaji pri zapo\u0161ljavanju osoba s invaliditetom\u201c, a predstavnica Obiteljskog centra BB\u017d psiholog Kristina Kanis Uldrijan odr\u017eala je predavanje na temu \u201eKako se snalaziti u stresnim situacijama\u201c. 20. p<\/strong><strong>rosinca 2014.g. u Bjelovaru je organizirano dru\u017eenje \u010dlanova udruge povodom nadolaze\u0107ih blagdana na kojem su prisustvovali i \u010dlanovi Kluba Daruvar.<\/strong><\/p>\n<p><strong>Tijekom 2014.g.udruga je aplicirala projekte na natje\u010daje koje &nbsp;su raspisali: Ameri\u010dka ambasada u Zagrebu, Nacionalna zaklada, Ministarstvo socijalne politike i mladih, Ministarstvo&nbsp; zdravlja , Bjelovarsko-bilogorska \u017eupanija, Privredna banke Zagreb, Erste &amp; Steiermarkische bank, Pliva, HEP, Zaklada Zamah i na projekt iz EU fondova za Razvoj socijalnih usluga u zajednici za \u010dlanove obitelji s ovisnim \u010dlanovima. Od navedenih natje\u010daja dobili smo sredstva za trogodi\u0161nji program od Ministarstva socijalne politike i mladih, donacije od HEP-a, Plive i Erste banke, a Bjelovarsko \u2013 bilogorska \u017eupanija nam je na temelju raspisanog natje\u010daja odobrila sredstva u iznosu od 10.000,00 kn ali nam ih nikad nije isplatila.<\/strong><\/p>\n<p><strong>Tijekom 2014.g. sudjelovali smo na brojnim edukacijama u svrhu ja\u010danja organizacijskih i stru\u010dnih kapaciteta.<\/strong><\/p>\n<p><strong>23.svibnja 2014.g. sudjelovali smo na radionici koju je organiziralo Ministarstvo rada i mirovinskog sustava,u suradnji s Lokalnom razvojnom agencijom Poslovni park LORA d.o.o. i Hrvatskom gospodarskom komorom \u2013 \u017dupanijskom komorom Bjelovar. Na radionici je predstavljena Strategija razvoja socijalnog\/dru\u0161tvenog poduzetni\u0161tva u RH za razdoblje 2014.-2020.g.<\/strong><\/p>\n<p><strong>Od 16.- 18.lipnja 2014.g. sudjelovali smo na radionici koju je organizirala Regionalna razvojna agencija Bjelovarsko-bilogorske \u017eupanije d.o.o. u suradnji s Ministarstvom regionalnog razvoja i fondova Europske unije kroz Potprogram \u201eJa\u010danje ljudskih potencijala na lokalnoj i podru\u010dnoj (regionalnoj) razini za u\u010dinkovitu pripremu i kori\u0161tenje fondova Europske unije\u201c<\/strong><\/p>\n<p><strong>Od 08.-09. rujna 2014.g. sudjelovali smo na radionicama \u201eOd projektne ideje do uspje\u0161ne prijave na ESF natje\u010daj\u201c za potencijalne prijavitelje za programe dodjele bespovratnih sredstava \u201eMikro projekti podr\u0161ke inovativnim aktivnostima malih organizacija civilnog dru\u0161tva za lokalni razvoj\u201c. 20.&nbsp;<\/strong><strong>rujna 2014.g. prisustvovali smo predstavljanju novog Zakona o udrugama i predstavljanju natje\u010daja za gra\u0111anske akcije \u201eNa\u0161 doprinos zajednici\u201c. &nbsp;24.&nbsp;<\/strong><strong>studenog 2014.g. sudjelovali smo na radionici pod nazivom \u201eKako se udruge snalaze u socijalnom poduzetni\u0161tvu\u201c.<\/strong><\/p>\n<p><strong>Cilj radionice je upoznati predstavnike organizacija civilnog dru\u0161tva i institucija lokalnih zajednica sa osnovnim pojmovima vezanima uz socijalno poduzetni\u0161tvo, zakonskim okvirom za pokretanje socijalnog poduzetni\u0161tva, te osnovama pokretanja profitnih projekata za organizacije civilnoga dru\u0161tva i lokalnih institucija u zajednici<\/strong><\/p>\n<p><strong>11 prosinca 2014.g. sudjelovali smo na radionici pod nazivom \u201eOsnove financija za organizacije civilnog dru\u0161tva\u201c, koju je organizirao Grad Bjelovar. Cilj radionice je pro\u0161iriti znanja predstavnika organizacija civilnog dru\u0161tva i ostalih dionika iz lokalne zajednice o vo\u0111enju administracije i financija za neprofitni sektor.<\/strong><\/p>\n<p><strong>U 2014. godini sura\u0111ivali smo sa Centrima za socijalnu skrb u BB\u017d, Hrvatskim zavodom za zapo\u0161ljavanje-podru\u010dni ured Bjelovar, Op\u0107om bolnicom Bjelovar, gradom Bjelovarom, Crvenim kri\u017eem, Narodnom knji\u017enicom Petar Preradovi\u0107, Komunalcem Bjelovar, drugim udrugama.<\/strong><\/p>\n<p><strong>Zahvaljuju\u0107i odli\u010dnoj suradnji s medijima informirali smo javnost o radu i aktivnostima udruge u 2014. godini, te djelovali s ciljem senzibilizacije \u0161ire javnosti i boljeg upoznavanja s problemima i potrebama osoba s invaliditetom.<\/strong><\/p>\n<p>&nbsp;<\/p>\n<p>&nbsp;<\/p>\n<p>&nbsp;<\/p>\n<p><strong>Predsjednik DMS BB\u017d<\/strong><\/p>\n<p><strong>Bojan Bla\u017eevi\u0107<\/strong><\/p>\n<p>&nbsp;<\/p>\n","protected":false},"excerpt":{"rendered":"<p>&nbsp; IZVJE\u0160TAJ O RADU DRU\u0160TVA MULTIPLE SKLEROZE BJELOVARSKO-BILOGORSKE \u017dUPANIJE&nbsp;u 2014. godini Udruga&nbsp; je u 2014.g. nastavila provedbu programa&nbsp; \u201eUsluge osobnog asistenta za osobe oboljele od MS-a\u201c, financiranog od strane Ministarstva socijalne politike i mladih. Kako natje\u010daj nije dozvoljavao uklju\u010divanje novih korisnika u projekt , tijekom 2014. godine ostalo je uklju\u010deno 5 \u010dlanova udruge s najte\u017eom [&hellip;]<\/p>\n","protected":false},"author":1,"featured_media":0,"parent":0,"menu_order":0,"comment_status":"closed","ping_status":"closed","template":"","meta":{"ngg_post_thumbnail":0,"footnotes":""},"class_list":["post-73","page","type-page","status-publish","hentry"],"yoast_head":"<!-- This site is optimized with the Yoast SEO plugin v25.2 - https:\/\/yoast.com\/wordpress\/plugins\/seo\/ -->\n<title>Izvje\u0161taj o radu dru\u0161tva multiple skleroze bjelovar<\/title>\n<meta name=\"description\" content=\"IZVJE\u0160TAJ O RADU DRU\u0160TVA MULTIPLE SKLEROZE BJELOVARSKO-BILOGORSKE \u017dUPANIJE\" \/>\n<meta name=\"robots\" content=\"index, follow, max-snippet:-1, max-image-preview:large, max-video-preview:-1\" \/>\n<link rel=\"canonical\" href=\"https:\/\/dms-bbz.hr\/index.php\/izvjestaj-o-radu\/\" \/>\n<meta property=\"og:locale\" content=\"hr_HR\" \/>\n<meta property=\"og:type\" content=\"article\" \/>\n<meta property=\"og:title\" content=\"Izvje\u0161taj o radu dru\u0161tva multiple skleroze bjelovar\" \/>\n<meta property=\"og:description\" content=\"IZVJE\u0160TAJ O RADU DRU\u0160TVA MULTIPLE SKLEROZE BJELOVARSKO-BILOGORSKE \u017dUPANIJE\" \/>\n<meta property=\"og:url\" content=\"https:\/\/dms-bbz.hr\/index.php\/izvjestaj-o-radu\/\" \/>\n<meta property=\"og:site_name\" content=\"Dru\u0161tvo Multiple Skleroze Bjelovarsko bilogorske \u017eupanije\" \/>\n<meta property=\"article:publisher\" content=\"https:\/\/www.facebook.com\/drustvomultipleskleroze.bjelovar\" \/>\n<meta property=\"article:modified_time\" content=\"2019-09-24T18:58:35+00:00\" \/>\n<meta property=\"og:image\" content=\"http:\/\/dms-bbz.hr\/wp-content\/uploads\/2019\/09\/logo-i-SOS.jpg\" \/>\n<meta name=\"twitter:card\" content=\"summary_large_image\" \/>\n<meta name=\"twitter:label1\" content=\"Procijenjeno vrijeme \u010ditanja\" \/>\n\t<meta name=\"twitter:data1\" content=\"7 minuta\" \/>\n<script type=\"application\/ld+json\" class=\"yoast-schema-graph\">{\"@context\":\"https:\/\/schema.org\",\"@graph\":[{\"@type\":\"WebPage\",\"@id\":\"https:\/\/dms-bbz.hr\/index.php\/izvjestaj-o-radu\/\",\"url\":\"https:\/\/dms-bbz.hr\/index.php\/izvjestaj-o-radu\/\",\"name\":\"Izvje\u0161taj o radu dru\u0161tva multiple skleroze bjelovar\",\"isPartOf\":{\"@id\":\"http:\/\/dms-bbz.hr\/#website\"},\"primaryImageOfPage\":{\"@id\":\"https:\/\/dms-bbz.hr\/index.php\/izvjestaj-o-radu\/#primaryimage\"},\"image\":{\"@id\":\"https:\/\/dms-bbz.hr\/index.php\/izvjestaj-o-radu\/#primaryimage\"},\"thumbnailUrl\":\"http:\/\/dms-bbz.hr\/wp-content\/uploads\/2019\/09\/logo-i-SOS.jpg\",\"datePublished\":\"2015-09-09T19:03:53+00:00\",\"dateModified\":\"2019-09-24T18:58:35+00:00\",\"description\":\"IZVJE\u0160TAJ O RADU DRU\u0160TVA MULTIPLE SKLEROZE BJELOVARSKO-BILOGORSKE \u017dUPANIJE\",\"breadcrumb\":{\"@id\":\"https:\/\/dms-bbz.hr\/index.php\/izvjestaj-o-radu\/#breadcrumb\"},\"inLanguage\":\"hr\",\"potentialAction\":[{\"@type\":\"ReadAction\",\"target\":[\"https:\/\/dms-bbz.hr\/index.php\/izvjestaj-o-radu\/\"]}]},{\"@type\":\"ImageObject\",\"inLanguage\":\"hr\",\"@id\":\"https:\/\/dms-bbz.hr\/index.php\/izvjestaj-o-radu\/#primaryimage\",\"url\":\"https:\/\/dms-bbz.hr\/wp-content\/uploads\/2019\/09\/logo-i-SOS.jpg\",\"contentUrl\":\"https:\/\/dms-bbz.hr\/wp-content\/uploads\/2019\/09\/logo-i-SOS.jpg\",\"width\":428,\"height\":161},{\"@type\":\"BreadcrumbList\",\"@id\":\"https:\/\/dms-bbz.hr\/index.php\/izvjestaj-o-radu\/#breadcrumb\",\"itemListElement\":[{\"@type\":\"ListItem\",\"position\":1,\"name\":\"Home\",\"item\":\"http:\/\/dms-bbz.hr\/\"},{\"@type\":\"ListItem\",\"position\":2,\"name\":\"Izvje\u0161taj o radu za 2014. godinu\"}]},{\"@type\":\"WebSite\",\"@id\":\"http:\/\/dms-bbz.hr\/#website\",\"url\":\"http:\/\/dms-bbz.hr\/\",\"name\":\"Dru\u0161tvo Multiple Skleroze Bjelovarsko bilogorske \u017eupanije\",\"description\":\"Masarykova 8\",\"publisher\":{\"@id\":\"http:\/\/dms-bbz.hr\/#organization\"},\"potentialAction\":[{\"@type\":\"SearchAction\",\"target\":{\"@type\":\"EntryPoint\",\"urlTemplate\":\"http:\/\/dms-bbz.hr\/?s={search_term_string}\"},\"query-input\":{\"@type\":\"PropertyValueSpecification\",\"valueRequired\":true,\"valueName\":\"search_term_string\"}}],\"inLanguage\":\"hr\"},{\"@type\":\"Organization\",\"@id\":\"http:\/\/dms-bbz.hr\/#organization\",\"name\":\"Dru\u0161tvo Multiple Skleroze Bjelovarsko bilogorske \u017eupanije\",\"url\":\"http:\/\/dms-bbz.hr\/\",\"logo\":{\"@type\":\"ImageObject\",\"inLanguage\":\"hr\",\"@id\":\"http:\/\/dms-bbz.hr\/#\/schema\/logo\/image\/\",\"url\":\"http:\/\/dms-bbz.hr\/wp-content\/uploads\/2015\/09\/cropped-clip_image002.jpg\",\"contentUrl\":\"http:\/\/dms-bbz.hr\/wp-content\/uploads\/2015\/09\/cropped-clip_image002.jpg\",\"width\":512,\"height\":512,\"caption\":\"Dru\u0161tvo Multiple Skleroze Bjelovarsko bilogorske \u017eupanije\"},\"image\":{\"@id\":\"http:\/\/dms-bbz.hr\/#\/schema\/logo\/image\/\"},\"sameAs\":[\"https:\/\/www.facebook.com\/drustvomultipleskleroze.bjelovar\"]}]}<\/script>\n<!-- \/ Yoast SEO plugin. -->","yoast_head_json":{"title":"Izvje\u0161taj o radu dru\u0161tva multiple skleroze bjelovar","description":"IZVJE\u0160TAJ O RADU DRU\u0160TVA MULTIPLE SKLEROZE BJELOVARSKO-BILOGORSKE \u017dUPANIJE","robots":{"index":"index","follow":"follow","max-snippet":"max-snippet:-1","max-image-preview":"max-image-preview:large","max-video-preview":"max-video-preview:-1"},"canonical":"https:\/\/dms-bbz.hr\/index.php\/izvjestaj-o-radu\/","og_locale":"hr_HR","og_type":"article","og_title":"Izvje\u0161taj o radu dru\u0161tva multiple skleroze bjelovar","og_description":"IZVJE\u0160TAJ O RADU DRU\u0160TVA MULTIPLE SKLEROZE BJELOVARSKO-BILOGORSKE \u017dUPANIJE","og_url":"https:\/\/dms-bbz.hr\/index.php\/izvjestaj-o-radu\/","og_site_name":"Dru\u0161tvo Multiple Skleroze Bjelovarsko bilogorske \u017eupanije","article_publisher":"https:\/\/www.facebook.com\/drustvomultipleskleroze.bjelovar","article_modified_time":"2019-09-24T18:58:35+00:00","og_image":[{"url":"http:\/\/dms-bbz.hr\/wp-content\/uploads\/2019\/09\/logo-i-SOS.jpg","type":"","width":"","height":""}],"twitter_card":"summary_large_image","twitter_misc":{"Procijenjeno vrijeme \u010ditanja":"7 minuta"},"schema":{"@context":"https:\/\/schema.org","@graph":[{"@type":"WebPage","@id":"https:\/\/dms-bbz.hr\/index.php\/izvjestaj-o-radu\/","url":"https:\/\/dms-bbz.hr\/index.php\/izvjestaj-o-radu\/","name":"Izvje\u0161taj o radu dru\u0161tva multiple skleroze bjelovar","isPartOf":{"@id":"http:\/\/dms-bbz.hr\/#website"},"primaryImageOfPage":{"@id":"https:\/\/dms-bbz.hr\/index.php\/izvjestaj-o-radu\/#primaryimage"},"image":{"@id":"https:\/\/dms-bbz.hr\/index.php\/izvjestaj-o-radu\/#primaryimage"},"thumbnailUrl":"http:\/\/dms-bbz.hr\/wp-content\/uploads\/2019\/09\/logo-i-SOS.jpg","datePublished":"2015-09-09T19:03:53+00:00","dateModified":"2019-09-24T18:58:35+00:00","description":"IZVJE\u0160TAJ O RADU DRU\u0160TVA MULTIPLE SKLEROZE BJELOVARSKO-BILOGORSKE \u017dUPANIJE","breadcrumb":{"@id":"https:\/\/dms-bbz.hr\/index.php\/izvjestaj-o-radu\/#breadcrumb"},"inLanguage":"hr","potentialAction":[{"@type":"ReadAction","target":["https:\/\/dms-bbz.hr\/index.php\/izvjestaj-o-radu\/"]}]},{"@type":"ImageObject","inLanguage":"hr","@id":"https:\/\/dms-bbz.hr\/index.php\/izvjestaj-o-radu\/#primaryimage","url":"https:\/\/dms-bbz.hr\/wp-content\/uploads\/2019\/09\/logo-i-SOS.jpg","contentUrl":"https:\/\/dms-bbz.hr\/wp-content\/uploads\/2019\/09\/logo-i-SOS.jpg","width":428,"height":161},{"@type":"BreadcrumbList","@id":"https:\/\/dms-bbz.hr\/index.php\/izvjestaj-o-radu\/#breadcrumb","itemListElement":[{"@type":"ListItem","position":1,"name":"Home","item":"http:\/\/dms-bbz.hr\/"},{"@type":"ListItem","position":2,"name":"Izvje\u0161taj o radu za 2014. godinu"}]},{"@type":"WebSite","@id":"http:\/\/dms-bbz.hr\/#website","url":"http:\/\/dms-bbz.hr\/","name":"Dru\u0161tvo Multiple Skleroze Bjelovarsko bilogorske \u017eupanije","description":"Masarykova 8","publisher":{"@id":"http:\/\/dms-bbz.hr\/#organization"},"potentialAction":[{"@type":"SearchAction","target":{"@type":"EntryPoint","urlTemplate":"http:\/\/dms-bbz.hr\/?s={search_term_string}"},"query-input":{"@type":"PropertyValueSpecification","valueRequired":true,"valueName":"search_term_string"}}],"inLanguage":"hr"},{"@type":"Organization","@id":"http:\/\/dms-bbz.hr\/#organization","name":"Dru\u0161tvo Multiple Skleroze Bjelovarsko bilogorske \u017eupanije","url":"http:\/\/dms-bbz.hr\/","logo":{"@type":"ImageObject","inLanguage":"hr","@id":"http:\/\/dms-bbz.hr\/#\/schema\/logo\/image\/","url":"http:\/\/dms-bbz.hr\/wp-content\/uploads\/2015\/09\/cropped-clip_image002.jpg","contentUrl":"http:\/\/dms-bbz.hr\/wp-content\/uploads\/2015\/09\/cropped-clip_image002.jpg","width":512,"height":512,"caption":"Dru\u0161tvo Multiple Skleroze Bjelovarsko bilogorske \u017eupanije"},"image":{"@id":"http:\/\/dms-bbz.hr\/#\/schema\/logo\/image\/"},"sameAs":["https:\/\/www.facebook.com\/drustvomultipleskleroze.bjelovar"]}]}},"_links":{"self":[{"href":"https:\/\/dms-bbz.hr\/index.php\/wp-json\/wp\/v2\/pages\/73","targetHints":{"allow":["GET"]}}],"collection":[{"href":"https:\/\/dms-bbz.hr\/index.php\/wp-json\/wp\/v2\/pages"}],"about":[{"href":"https:\/\/dms-bbz.hr\/index.php\/wp-json\/wp\/v2\/types\/page"}],"author":[{"embeddable":true,"href":"https:\/\/dms-bbz.hr\/index.php\/wp-json\/wp\/v2\/users\/1"}],"replies":[{"embeddable":true,"href":"https:\/\/dms-bbz.hr\/index.php\/wp-json\/wp\/v2\/comments?post=73"}],"version-history":[{"count":14,"href":"https:\/\/dms-bbz.hr\/index.php\/wp-json\/wp\/v2\/pages\/73\/revisions"}],"predecessor-version":[{"id":2082,"href":"https:\/\/dms-bbz.hr\/index.php\/wp-json\/wp\/v2\/pages\/73\/revisions\/2082"}],"wp:attachment":[{"href":"https:\/\/dms-bbz.hr\/index.php\/wp-json\/wp\/v2\/media?parent=73"}],"curies":[{"name":"wp","href":"https:\/\/api.w.org\/{rel}","templated":true}]}}